{"id":36122,"date":"2022-04-04T14:13:36","date_gmt":"2022-04-04T13:13:36","guid":{"rendered":"https:\/\/cm-sousel.pt\/?page_id=36122"},"modified":"2024-12-17T16:28:00","modified_gmt":"2024-12-17T16:28:00","slug":"joao-batista-borges","status":"publish","type":"page","link":"https:\/\/prd14.mobinteg.com\/cm-sousel-qa\/souautarquia\/camara-municipal\/arquivo-municipal\/joao-batista-borges\/","title":{"rendered":"Jo\u00e3o Batista Borges"},"content":{"rendered":"<p><img decoding=\"async\" class=\"alignnone size-medium wp-image-35460\" src=\"https:\/\/prd14.mobinteg.com\/cm-sousel-qa\/wp-content\/uploads\/2022\/03\/joao_batista_borges-265x300.png\" alt=\"\" width=\"265\" height=\"300\" srcset=\"https:\/\/prd14.mobinteg.com\/cm-sousel-qa\/wp-content\/uploads\/2022\/03\/joao_batista_borges-265x300.png 265w, https:\/\/prd14.mobinteg.com\/cm-sousel-qa\/wp-content\/uploads\/2022\/03\/joao_batista_borges.png 413w\" sizes=\"(max-width: 265px) 100vw, 265px\" \/><\/p>\n<h6>(nasceu em Sousel: 17\/06\/1850 \u2013 faleceu em Lisboa: 9\/09\/1903)<\/h6>\n<p style=\"text-align: justify\"><strong><em>Primeiro Ardina Portugu\u00eas. Mais tarde, Redator Principal do jornal Di\u00e1rio de Not\u00edcias.<\/em><\/strong><\/p>\n<p style=\"text-align: justify\">N\u00e3o se sabe quem foram os pais de Jo\u00e3o Baptista Borges. O pequeno Jo\u00e3o Baptista come\u00e7ou a vida da pior forma poss\u00edvel \u2013 sem o apoio e o carinho dos pais, como o prova o registo de batismo no Livro de Registos de Batismos da Par\u00f3quia de Sousel, referente ao ano de 1850.<\/p>\n<p><img decoding=\"async\" class=\"alignnone wp-image-35461 size-large\" src=\"https:\/\/prd14.mobinteg.com\/cm-sousel-qa\/wp-content\/uploads\/2022\/03\/joaobb1-1024x202.png\" alt=\"\" width=\"1024\" height=\"202\" srcset=\"https:\/\/prd14.mobinteg.com\/cm-sousel-qa\/wp-content\/uploads\/2022\/03\/joaobb1-1024x202.png 1024w, https:\/\/prd14.mobinteg.com\/cm-sousel-qa\/wp-content\/uploads\/2022\/03\/joaobb1-300x59.png 300w, https:\/\/prd14.mobinteg.com\/cm-sousel-qa\/wp-content\/uploads\/2022\/03\/joaobb1-768x152.png 768w, https:\/\/prd14.mobinteg.com\/cm-sousel-qa\/wp-content\/uploads\/2022\/03\/joaobb1-1320x261.png 1320w, https:\/\/prd14.mobinteg.com\/cm-sousel-qa\/wp-content\/uploads\/2022\/03\/joaobb1.png 1437w\" sizes=\"(max-width: 1024px) 100vw, 1024px\" \/><\/p>\n<h6 style=\"text-align: justify\"><strong>Na margem direita do registo consta o nome pr\u00f3prio e a palavra exposto \u2013 que significa que foi abandonado ou enjeitado pelos pais. O p\u00e1roco Jo\u00e3o Alberto Teixeira refere no registo, datado de 14 de julho de 1850, que o pequeno Jo\u00e3o era filho de pais inc\u00f3gnitos. Os padrinhos, que decerto o criaram, foram Jo\u00e3o Caxudo e Joanna Vict\u00f3ria. <\/strong><\/h6>\n<p style=\"text-align: justify\">Em 1861 ou 1862<a href=\"#_ftn1\" name=\"_ftnref1\">[1]<\/a>, com 11 ou 12 anos, desconhecendo-se como e com quem, foi para Lisboa \u201c<em>a fim de seguir a vida comercial e, \u00e0 semelhan\u00e7a do que sucedera com Eduardo Coelho, seu mestre, e por influ\u00eancia deste, mudou de carreira e seguiu a das Letras, depois de haver frequentado, alguns meses antes, a escola de aprendizagem tipogr\u00e1fica na Tipografia Universal, do falecido conde de S. Mar\u00e7al, Tom\u00e1s Quintino Antunes<\/em>\u201d (Reis, 2011). \u201c<em>Ao mesmo tempo cursava a Escola da Associa\u00e7\u00e3o Civiliza\u00e7\u00e3o Popular, vindo mais tarde a entrar para a Escola de Belas-Artes. Durante trinta anos colaborou e redigiu no Di\u00e1rio de Not\u00edcias, dando provas do seu labor e talento. Entre elas destaca-se um romance original, <strong>O Rouxinol da \u00d3pera<\/strong>, publicado em folhetins. Em manuscrito deixou alguns trabalhos, sendo o principal uma com\u00e9dia, <strong>O Filho da Minha Mulher<\/strong> e ainda um drama popular em 5 actos<\/em>\u201d (Reis, 2011). \u201c<em>Em 1870, era admitido na Revis\u00e3o do Diario de Not\u00edcias, ao lado de Silva e Albuquerque, o grande ap\u00f3stolo dos princ\u00edpios associativos. D&#8217;ahi passou, em 1872, para a Redac\u00e7\u00e3o<\/em>\u201d (Cunha, 1914).<\/p>\n<p style=\"text-align: justify\">No entanto, o seu in\u00edcio em Lisboa n\u00e3o foi muito prometedor. Nas palavras do pr\u00f3prio Eduardo Coelho, \u201c<em>Um \u00f3rf\u00e3o que eu acolhera na minha pr\u00f3pria casa, de seu nome Jo\u00e3o Baptista Borges, ofereceu-se para vender o Di\u00e1rio de Not\u00edcias nas ruas, apregoando-o pela cidade inteira. Assim o fez, e foi apedrejado. Mas tornou-se o primeiro ardina em Portugal<a href=\"#_ftn2\" name=\"_ftnref2\"><strong>[2]<\/strong><\/a><\/em>\u201d. Baptista Borges fazia-o descal\u00e7o, e ainda por cima era apedrejado, porque os quiosques de venda de jornais n\u00e3o toleravam que um novo jornal, quatro vezes mais barato que os outros, lhes estragasse os neg\u00f3cios. Os jornais eram apregoados a plenos pulm\u00f5es e vendidos pelas ruas a troco de uma comiss\u00e3o de 200 a 400 r\u00e9is (Rodrigues, 2014). De entre eles destacou-se Jo\u00e3o Baptista Borges, que chegou a ser redator, editor e folhetinista (Rodrigues, 2014). Jo\u00e3o Baptista Borges foi vendedor, revisor, redator efetivo e editor respons\u00e1vel do DN (Freire, 1939).<\/p>\n<h6><a href=\"#_ftnref1\" name=\"_ftn1\">[1]<\/a> 1864 foi o ano da funda\u00e7\u00e3o do Di\u00e1rio de Not\u00edcias, sendo que Jo\u00e3o Baptista Borges foi de Sousel para Lisboa uns dois ou tr\u00eas anos antes da funda\u00e7\u00e3o do jornal.<\/h6>\n<h6><a href=\"#_ftnref2\" name=\"_ftn2\">[2]<\/a> Cita\u00e7\u00e3o do pr\u00f3prio Eduardo Coelho, cofundador e primeiro diretor do <strong><em>Di\u00e1rio de Not\u00edcias<\/em><\/strong>, (Foyos, 2014, p. 140; Figueira, 2015).<\/h6>\n<p><img decoding=\"async\" class=\"alignnone size-medium wp-image-35464\" src=\"https:\/\/prd14.mobinteg.com\/cm-sousel-qa\/wp-content\/uploads\/2022\/03\/joaobb2-1-300x199.png\" alt=\"\" width=\"300\" height=\"199\" srcset=\"https:\/\/prd14.mobinteg.com\/cm-sousel-qa\/wp-content\/uploads\/2022\/03\/joaobb2-1-300x199.png 300w, https:\/\/prd14.mobinteg.com\/cm-sousel-qa\/wp-content\/uploads\/2022\/03\/joaobb2-1-768x510.png 768w, https:\/\/prd14.mobinteg.com\/cm-sousel-qa\/wp-content\/uploads\/2022\/03\/joaobb2-1-150x100.png 150w, https:\/\/prd14.mobinteg.com\/cm-sousel-qa\/wp-content\/uploads\/2022\/03\/joaobb2-1.png 879w\" sizes=\"(max-width: 300px) 100vw, 300px\" \/><\/p>\n<h6 style=\"text-align: justify\"><strong>Est\u00e1tua de Jo\u00e3o Baptista Borges, quando crian\u00e7a, a distribuir o Di\u00e1rio de Not\u00edcias, e busto de Eduardo Coelho, seu protetor \u2013 Jardim de S. Pedro de Alc\u00e2ntara, em Lisboa.<\/strong><\/h6>\n<p>&nbsp;<\/p>\n<h6 style=\"text-align: justify\"><strong>RESUMO EXTRA\u00cdDO DA OBRA:<\/strong><\/h6>\n<h6 style=\"text-align: justify\"><strong>\u00a0<\/strong><strong>Richau, J.<\/strong> (2022) Escritores do Concelho de Sousel &#8211; autores de conte\u00fados escritos publicados [1516 a 2021]. Bubok Publishing, Madrid. (A editar brevemente)<\/h6>\n<h6 style=\"text-align: justify\"><strong>PARA SABER MAIS:<\/strong><\/h6>\n<h6 style=\"text-align: justify\"><strong>\u00a0<\/strong><strong>Cunha, A.<\/strong> (1914) Diario de Noticias &#8211; A sua funda\u00e7\u00e3o e os seus fundadores &#8211; Alguns factos para a historia do jornalismo portugu\u00eas. Edi\u00e7\u00e3o comemorativa do cincoenten\u00e1rio do Diario de Noticias. Diario de Noticias, Lisboa.<\/h6>\n<h6 style=\"text-align: justify\"><strong>Freire, J.P.<\/strong> (1939) O Di\u00e1rio de Not\u00edcias &#8211; da sua funda\u00e7\u00e3o \u00e0s bodas de diamante, 2\u00ba Volume. Empresa Nacional de Publicidade, Lisboa.<\/h6>\n<h6 style=\"text-align: justify\"><strong>Reis, L.<\/strong> (2011) Personalidades Art\u00edsticas &#8211; S\u00e9culo XX &#8211; 1\u00ba Volume. Fonte da Palavra, Lisboa.<\/h6>\n<h6 style=\"text-align: justify\"><strong>Rodrigues, A.J.S.<\/strong> (2014) Jornalismo Digital &#8211; A experi\u00eancia no Di\u00e1rio de Not\u00edcias. Relat\u00f3rio de est\u00e1gio de mestrado em Comunica\u00e7\u00e3o e Jornalismo, Faculdade de Letras, Universidade de Coimbra.<\/h6>\n<p><\/p>","protected":false},"excerpt":{"rendered":"<div class='heateorSssClear'><\/div><div  class='heateor_sss_sharing_container heateor_sss_horizontal_sharing' data-heateor-sss-href='https:\/\/prd14.mobinteg.com\/cm-sousel-qa\/souautarquia\/camara-municipal\/arquivo-municipal\/joao-batista-borges\/'><div class='heateor_sss_sharing_title' style=\"font-weight:bold\" >Spread the love<\/div><div class=\"heateor_sss_sharing_ul\"><a aria-label=\"Facebook\" class=\"heateor_sss_facebook\" href=\"https:\/\/www.facebook.com\/sharer\/sharer.php?u=https%3A%2F%2Fprd14.mobinteg.com%2Fcm-sousel-qa%2Fsouautarquia%2Fcamara-municipal%2Farquivo-municipal%2Fjoao-batista-borges%2F\" title=\"Facebook\" rel=\"nofollow noopener\" target=\"_blank\" style=\"font-size:32px!important;box-shadow:none;display:inline-block;vertical-align:middle\"><span class=\"heateor_sss_svg\" style=\"background-color:#0765FE;width:25px;height:25px;border-radius:999px;display:inline-block;opacity:1;float:left;font-size:32px;box-shadow:none;display:inline-block;font-size:16px;padding:0 4px;vertical-align:middle;background-repeat:repeat;overflow:hidden;padding:0;cursor:pointer;box-sizing:content-box\"><svg style=\"display:block;border-radius:999px;\" focusable=\"false\" aria-hidden=\"true\" xmlns=\"http:\/\/www.w3.org\/2000\/svg\" width=\"100%\" height=\"100%\" viewBox=\"0 0 32 32\"><path fill=\"#0d406a\" d=\"M28 16c0-6.627-5.373-12-12-12S4 9.373 4 16c0 5.628 3.875 10.35 9.101 11.647v-7.98h-2.474V16H13.1v-1.58c0-4.085 1.849-5.978 5.859-5.978.76 0 2.072.15 2.608.298v3.325c-.283-.03-.775-.045-1.386-.045-1.967 0-2.728.745-2.728 2.683V16h3.92l-.673 3.667h-3.247v8.245C23.395 27.195 28 22.135 28 16Z\"><\/path><\/svg><\/span><\/a><a aria-label=\"X\" class=\"heateor_sss_button_x\" href=\"https:\/\/twitter.com\/intent\/tweet?text=Jo%C3%A3o%20Batista%20Borges&url=https%3A%2F%2Fprd14.mobinteg.com%2Fcm-sousel-qa%2Fsouautarquia%2Fcamara-municipal%2Farquivo-municipal%2Fjoao-batista-borges%2F\" title=\"X\" rel=\"nofollow noopener\" target=\"_blank\" style=\"font-size:32px!important;box-shadow:none;display:inline-block;vertical-align:middle\"><span class=\"heateor_sss_svg heateor_sss_s__default heateor_sss_s_x\" style=\"background-color:#2a2a2a;width:25px;height:25px;border-radius:999px;display:inline-block;opacity:1;float:left;font-size:32px;box-shadow:none;display:inline-block;font-size:16px;padding:0 4px;vertical-align:middle;background-repeat:repeat;overflow:hidden;padding:0;cursor:pointer;box-sizing:content-box\"><svg width=\"100%\" height=\"100%\" style=\"display:block;border-radius:999px;\" focusable=\"false\" aria-hidden=\"true\" xmlns=\"http:\/\/www.w3.org\/2000\/svg\" viewBox=\"0 0 32 32\"><path fill=\"#0d406a\" d=\"M21.751 7h3.067l-6.7 7.658L26 25.078h-6.172l-4.833-6.32-5.531 6.32h-3.07l7.167-8.19L6 7h6.328l4.37 5.777L21.75 7Zm-1.076 16.242h1.7L11.404 8.74H9.58l11.094 14.503Z\"><\/path><\/svg><\/span><\/a><a aria-label=\"Linkedin\" class=\"heateor_sss_button_linkedin\" href=\"https:\/\/www.linkedin.com\/sharing\/share-offsite\/?url=https%3A%2F%2Fprd14.mobinteg.com%2Fcm-sousel-qa%2Fsouautarquia%2Fcamara-municipal%2Farquivo-municipal%2Fjoao-batista-borges%2F\" title=\"Linkedin\" rel=\"nofollow noopener\" target=\"_blank\" style=\"font-size:32px!important;box-shadow:none;display:inline-block;vertical-align:middle\"><span class=\"heateor_sss_svg heateor_sss_s__default heateor_sss_s_linkedin\" style=\"background-color:#0077b5;width:25px;height:25px;border-radius:999px;display:inline-block;opacity:1;float:left;font-size:32px;box-shadow:none;display:inline-block;font-size:16px;padding:0 4px;vertical-align:middle;background-repeat:repeat;overflow:hidden;padding:0;cursor:pointer;box-sizing:content-box\"><svg style=\"display:block;border-radius:999px;\" focusable=\"false\" aria-hidden=\"true\" xmlns=\"http:\/\/www.w3.org\/2000\/svg\" width=\"100%\" height=\"100%\" viewBox=\"0 0 32 32\"><path d=\"M6.227 12.61h4.19v13.48h-4.19V12.61zm2.095-6.7a2.43 2.43 0 0 1 0 4.86c-1.344 0-2.428-1.09-2.428-2.43s1.084-2.43 2.428-2.43m4.72 6.7h4.02v1.84h.058c.56-1.058 1.927-2.176 3.965-2.176 4.238 0 5.02 2.792 5.02 6.42v7.395h-4.183v-6.56c0-1.564-.03-3.574-2.178-3.574-2.18 0-2.514 1.7-2.514 3.46v6.668h-4.187V12.61z\" fill=\"#0d406a\"><\/path><\/svg><\/span><\/a><a aria-label=\"Pinterest\" class=\"heateor_sss_button_pinterest\" href=\"https:\/\/prd14.mobinteg.com\/cm-sousel-qa\/souautarquia\/camara-municipal\/arquivo-municipal\/joao-batista-borges\/\" onclick=\"event.preventDefault();javascript:void( (function() {var e=document.createElement('script' );e.setAttribute('type','text\/javascript' );e.setAttribute('charset','UTF-8' );e.setAttribute('src','\/\/assets.pinterest.com\/js\/pinmarklet.js?r='+Math.random()*99999999);document.body.appendChild(e)})());\" title=\"Pinterest\" rel=\"noopener\" style=\"font-size:32px!important;box-shadow:none;display:inline-block;vertical-align:middle\"><span class=\"heateor_sss_svg heateor_sss_s__default heateor_sss_s_pinterest\" style=\"background-color:#cc2329;width:25px;height:25px;border-radius:999px;display:inline-block;opacity:1;float:left;font-size:32px;box-shadow:none;display:inline-block;font-size:16px;padding:0 4px;vertical-align:middle;background-repeat:repeat;overflow:hidden;padding:0;cursor:pointer;box-sizing:content-box\"><svg style=\"display:block;border-radius:999px;\" focusable=\"false\" aria-hidden=\"true\" xmlns=\"http:\/\/www.w3.org\/2000\/svg\" width=\"100%\" height=\"100%\" viewBox=\"-2 -2 35 35\"><path fill=\"#0d406a\" d=\"M16.539 4.5c-6.277 0-9.442 4.5-9.442 8.253 0 2.272.86 4.293 2.705 5.046.303.125.574.005.662-.33.061-.231.205-.816.27-1.06.088-.331.053-.447-.191-.736-.532-.627-.873-1.439-.873-2.591 0-3.338 2.498-6.327 6.505-6.327 3.548 0 5.497 2.168 5.497 5.062 0 3.81-1.686 7.025-4.188 7.025-1.382 0-2.416-1.142-2.085-2.545.397-1.674 1.166-3.48 1.166-4.689 0-1.081-.581-1.983-1.782-1.983-1.413 0-2.548 1.462-2.548 3.419 0 1.247.421 2.091.421 2.091l-1.699 7.199c-.505 2.137-.076 4.755-.039 5.019.021.158.223.196.314.077.13-.17 1.813-2.247 2.384-4.324.162-.587.929-3.631.929-3.631.46.876 1.801 1.646 3.227 1.646 4.247 0 7.128-3.871 7.128-9.053.003-3.918-3.317-7.568-8.361-7.568z\"\/><\/svg><\/span><\/a><a aria-label=\"PrintFriendly\" class=\"heateor_sss_button_printfriendly\" href=\"https:\/\/www.printfriendly.com\/print?url=https%3A%2F%2Fprd14.mobinteg.com%2Fcm-sousel-qa%2Fsouautarquia%2Fcamara-municipal%2Farquivo-municipal%2Fjoao-batista-borges%2F&partner=a2a\" title=\"PrintFriendly\" rel=\"nofollow noopener\" target=\"_blank\" style=\"font-size:32px!important;box-shadow:none;display:inline-block;vertical-align:middle\"><span class=\"heateor_sss_svg heateor_sss_s__default heateor_sss_s_printfriendly\" style=\"background-color:#61d1d5;width:25px;height:25px;border-radius:999px;display:inline-block;opacity:1;float:left;font-size:32px;box-shadow:none;display:inline-block;font-size:16px;padding:0 4px;vertical-align:middle;background-repeat:repeat;overflow:hidden;padding:0;cursor:pointer;box-sizing:content-box\"><svg style=\"display:block;border-radius:999px;\" focusable=\"false\" aria-hidden=\"true\" xmlns=\"http:\/\/www.w3.org\/2000\/svg\" width=\"100%\" height=\"100%\" viewBox=\"0 0 32 32\"><g stroke=\"#0d406a\" stroke-width=\"1.5\" stroke-linecap=\"round\" stroke-miterlimit=\"10\"><path fill=\"none\" d=\"M22.562 19.588v4.373H9.438v-4.37h13.124zm-13.124 1.53H6.375c-.483 0-.875-.313-.875-.7v-7.35c0-.387.392-.7.875-.7h19.25c.482 0 .875.313.875.7v7.35c0 .387-.393.7-.876.7h-3.062\"><\/path><path fill=\"#0d406a\" d=\"M22.562 12.32V8.04H9.436v4.28\"><\/path><\/g><\/svg><\/span><\/a><a aria-label=\"Email\" class=\"heateor_sss_email\" href=\"https:\/\/prd14.mobinteg.com\/cm-sousel-qa\/souautarquia\/camara-municipal\/arquivo-municipal\/joao-batista-borges\/\" onclick=\"event.preventDefault();window.open('mailto:?subject=' + decodeURIComponent('Jo%C3%A3o%20Batista%20Borges').replace('&', '%26') + '&body=https%3A%2F%2Fprd14.mobinteg.com%2Fcm-sousel-qa%2Fsouautarquia%2Fcamara-municipal%2Farquivo-municipal%2Fjoao-batista-borges%2F', '_blank')\" title=\"Email\" rel=\"noopener\" style=\"font-size:32px!important;box-shadow:none;display:inline-block;vertical-align:middle\"><span class=\"heateor_sss_svg\" style=\"background-color:#649a3f;width:25px;height:25px;border-radius:999px;display:inline-block;opacity:1;float:left;font-size:32px;box-shadow:none;display:inline-block;font-size:16px;padding:0 4px;vertical-align:middle;background-repeat:repeat;overflow:hidden;padding:0;cursor:pointer;box-sizing:content-box\"><svg style=\"display:block;border-radius:999px;\" focusable=\"false\" aria-hidden=\"true\" xmlns=\"http:\/\/www.w3.org\/2000\/svg\" width=\"100%\" height=\"100%\" viewBox=\"-.75 -.5 36 36\"><path d=\"M 5.5 11 h 23 v 1 l -11 6 l -11 -6 v -1 m 0 2 l 11 6 l 11 -6 v 11 h -22 v -11\" stroke-width=\"1\" fill=\"#0d406a\"><\/path><\/svg><\/span><\/a><\/div><div class=\"heateorSssClear\"><\/div><\/div><div class='heateorSssClear'><\/div><p>(nasceu em Sousel: 17\/06\/1850 \u2013 faleceu em Lisboa: 9\/09\/1903) Primeiro Ardina Portugu\u00eas. Mais tarde, Redator Principal do jornal Di\u00e1rio de Not\u00edcias. N\u00e3o se sabe quem foram os pais de Jo\u00e3o Baptista Borges. O pequeno Jo\u00e3o Baptista come\u00e7ou a vida da pior forma poss\u00edvel \u2013 sem o apoio e o carinho dos pais, como o prova [&hellip;]<\/p>\n","protected":false},"author":8,"featured_media":0,"parent":35384,"menu_order":5,"comment_status":"closed","ping_status":"closed","template":"templates-map\/component-text-layout1.php","meta":{"_acf_changed":false,"_searchwp_excluded":"","footnotes":""},"categories":[],"class_list":["post-36122","page","type-page","status-publish","hentry"],"acf":[],"_links":{"self":[{"href":"https:\/\/prd14.mobinteg.com\/cm-sousel-qa\/wp-json\/wp\/v2\/pages\/36122","targetHints":{"allow":["GET"]}}],"collection":[{"href":"https:\/\/prd14.mobinteg.com\/cm-sousel-qa\/wp-json\/wp\/v2\/pages"}],"about":[{"href":"https:\/\/prd14.mobinteg.com\/cm-sousel-qa\/wp-json\/wp\/v2\/types\/page"}],"author":[{"embeddable":true,"href":"https:\/\/prd14.mobinteg.com\/cm-sousel-qa\/wp-json\/wp\/v2\/users\/8"}],"replies":[{"embeddable":true,"href":"https:\/\/prd14.mobinteg.com\/cm-sousel-qa\/wp-json\/wp\/v2\/comments?post=36122"}],"version-history":[{"count":5,"href":"https:\/\/prd14.mobinteg.com\/cm-sousel-qa\/wp-json\/wp\/v2\/pages\/36122\/revisions"}],"predecessor-version":[{"id":46577,"href":"https:\/\/prd14.mobinteg.com\/cm-sousel-qa\/wp-json\/wp\/v2\/pages\/36122\/revisions\/46577"}],"up":[{"embeddable":true,"href":"https:\/\/prd14.mobinteg.com\/cm-sousel-qa\/wp-json\/wp\/v2\/pages\/35384"}],"wp:attachment":[{"href":"https:\/\/prd14.mobinteg.com\/cm-sousel-qa\/wp-json\/wp\/v2\/media?parent=36122"}],"wp:term":[{"taxonomy":"category","embeddable":true,"href":"https:\/\/prd14.mobinteg.com\/cm-sousel-qa\/wp-json\/wp\/v2\/categories?post=36122"}],"curies":[{"name":"wp","href":"https:\/\/api.w.org\/{rel}","templated":true}]}}