{"id":35638,"date":"2022-03-11T09:57:41","date_gmt":"2022-03-11T09:57:41","guid":{"rendered":"https:\/\/cm-sousel.pt\/?page_id=35638"},"modified":"2025-07-08T14:38:26","modified_gmt":"2025-07-08T13:38:26","slug":"rede-de-bibliotecas-de-sousel","status":"publish","type":"page","link":"https:\/\/prd14.mobinteg.com\/cm-sousel-qa\/sou-visitante\/soucultura-e-lazer\/biblioteca-municipal\/rede-de-bibliotecas-de-sousel\/","title":{"rendered":"Rede de Bibliotecas de Sousel"},"content":{"rendered":"<p><strong>PROJETO DIGITAL DA RBSOUS<\/strong><\/p>\n<p style=\"text-align: justify\">A influ\u00eancia dos re<strong><img decoding=\"async\" class=\"size-medium wp-image-35639 alignleft\" src=\"https:\/\/prd14.mobinteg.com\/cm-sousel-qa\/wp-content\/uploads\/2022\/03\/logo-rede-bibliotecas_final-297x300.jpg\" alt=\"\" width=\"297\" height=\"300\" srcset=\"https:\/\/prd14.mobinteg.com\/cm-sousel-qa\/wp-content\/uploads\/2022\/03\/logo-rede-bibliotecas_final-297x300.jpg 297w, https:\/\/prd14.mobinteg.com\/cm-sousel-qa\/wp-content\/uploads\/2022\/03\/logo-rede-bibliotecas_final-1013x1024.jpg 1013w, https:\/\/prd14.mobinteg.com\/cm-sousel-qa\/wp-content\/uploads\/2022\/03\/logo-rede-bibliotecas_final-768x777.jpg 768w, https:\/\/prd14.mobinteg.com\/cm-sousel-qa\/wp-content\/uploads\/2022\/03\/logo-rede-bibliotecas_final-1519x1536.jpg 1519w, https:\/\/prd14.mobinteg.com\/cm-sousel-qa\/wp-content\/uploads\/2022\/03\/logo-rede-bibliotecas_final-1320x1335.jpg 1320w, https:\/\/prd14.mobinteg.com\/cm-sousel-qa\/wp-content\/uploads\/2022\/03\/logo-rede-bibliotecas_final.jpg 1521w\" sizes=\"(max-width: 297px) 100vw, 297px\" \/><\/strong>cursos digitais na sociedade atual \u00e9 uma realidade indiscut\u00edvel e a sua utiliza\u00e7\u00e3o \u00e9 incontorn\u00e1vel de forma sistem\u00e1tica e eficaz. O digital torna poss\u00edvel a partilha e conce\u00e7\u00e3o de projetos e a sua melhoria, tais como a curadoria e a disponibiliza\u00e7\u00e3o de recursos, nomeadamente bibliogr\u00e1ficos, atrav\u00e9s de uma rede digital que re\u00fana os contributos de v\u00e1rios parceiros. Desta forma, a utiliza\u00e7\u00e3o dos recursos digitais permite desenvolver projetos que motivem para a partilha, para supera\u00e7\u00e3o de dificuldades, para a mobiliza\u00e7\u00e3o do conhecimento na resolu\u00e7\u00e3o de problemas, para o desenvolvimento de capacidades de complexidade superior, integrando toda a informa\u00e7\u00e3o numa perspetiva de conjunto, indo ao encontro dos desafios que se colocam a toda a sociedade do s\u00e9culo XXI.<\/p>\n<p style=\"text-align: justify\">Sendo imprescind\u00edvel a presen\u00e7a de conte\u00fados digitais e a sua divulga\u00e7\u00e3o, \u00e9 importante dar a conhec\u00ea-los de modo a serem cada vez mais abrangentes e mais acess\u00edveis num ponto \u00fanico de todos os recursos.<\/p>\n<p style=\"text-align: justify\">A rede digital ser\u00e1 pr\u00f3pria, contar\u00e1 com os conte\u00fados digitais desenvolvidos por todos os parceiros, nomeadamente do Munic\u00edpio, da Escola e da Associa\u00e7\u00e3o Era uma Voz.<\/p>\n<p>&nbsp;<\/p>\n<p>&nbsp;<\/p>\n<p><strong>PRESEN\u00c7A NAS REDES SOCIAIS: FACEBOOK\/META<\/strong><\/p>\n<p style=\"text-align: justify\">(p\u00e1ginas da Escola, do Munic\u00edpio e da Associa\u00e7\u00e3o)<\/p>\n<p style=\"text-align: justify\">Este ponto de encontro permitir\u00e1 aos seus utilizadores o acesso r\u00e1pido aos conte\u00fados partilhados, facilitando a comunica\u00e7\u00e3o e intera\u00e7\u00e3o entre todos.<\/p>\n<p>&nbsp;<\/p>\n<p><strong>CAT\u00c1LOGO COLETIVO:<\/strong><\/p>\n<p style=\"text-align: justify\">Este servi\u00e7o re\u00fane toda a informa\u00e7\u00e3o bibliogr\u00e1fica de todos os parceiros envolvidos, de modo a dar a conhecer e disponibilizar toda a informa\u00e7\u00e3o e recursos, facilitando e potencializando o acesso a toda a comunidade.<\/p>\n<p style=\"text-align: justify\">Pretende-se divulgar toda a informa\u00e7\u00e3o dispon\u00edvel facultada por todos os parceiros de forma r\u00e1pida, organizada e acess\u00edvel.<\/p>\n<p style=\"text-align: justify\"><strong>P\u00c1GINA WEB:<\/strong><\/p>\n<p style=\"text-align: justify\">Com esta p\u00e1gina pretende-se divulgar o cat\u00e1logo coletivo e a agenda comum da RBSOUS.<\/p>\n<p style=\"text-align: justify\">Dela constar\u00e1 a apresenta\u00e7\u00e3o de todos os parceiros, os respetivos sites, documentos e contactos.<\/p>\n<p>&nbsp;<\/p>\n<p><strong>BIBLIOTECAS PARCEIRAS<\/strong><\/p>\n<p><img decoding=\"async\" class=\"size-medium wp-image-69947 alignleft\" src=\"https:\/\/prd14.mobinteg.com\/cm-sousel-qa\/wp-content\/uploads\/2025\/07\/DSCF2983-300x225.jpg\" alt=\"\" width=\"300\" height=\"225\" srcset=\"https:\/\/prd14.mobinteg.com\/cm-sousel-qa\/wp-content\/uploads\/2025\/07\/DSCF2983-300x225.jpg 300w, https:\/\/prd14.mobinteg.com\/cm-sousel-qa\/wp-content\/uploads\/2025\/07\/DSCF2983-1024x768.jpg 1024w, https:\/\/prd14.mobinteg.com\/cm-sousel-qa\/wp-content\/uploads\/2025\/07\/DSCF2983-768x576.jpg 768w, https:\/\/prd14.mobinteg.com\/cm-sousel-qa\/wp-content\/uploads\/2025\/07\/DSCF2983.jpg 1440w\" sizes=\"(max-width: 300px) 100vw, 300px\" \/><\/p>\n<p><strong>BIBLIOTECA MUNICIPAL DR. ANT\u00d3NIO GAR\u00c7\u00c3O<\/strong><\/p>\n<p><em><strong>Contactos:<\/strong><\/em><\/p>\n<p><strong>e-mail:\u00a0<\/strong>\u00a0\u00a0<a href=\"mailto:biblioteca.municipal@cm-sousel.pt\">biblioteca.municipal@cm-sousel.pt<\/a><\/p>\n<p><strong>telefone:\u00a0<\/strong>\u00a0\u00a0268550111<\/p>\n<p><strong>Facebook:<\/strong>\u00a0@bibliotecamunicipalsousel<\/p>\n<p>&nbsp;<\/p>\n<p>&nbsp;<\/p>\n<p><strong> <img decoding=\"async\" class=\"size-medium wp-image-35644 alignleft\" src=\"https:\/\/prd14.mobinteg.com\/cm-sousel-qa\/wp-content\/uploads\/2022\/03\/44-300x200.jpg\" alt=\"\" width=\"300\" height=\"200\" srcset=\"https:\/\/prd14.mobinteg.com\/cm-sousel-qa\/wp-content\/uploads\/2022\/03\/44-300x200.jpg 300w, https:\/\/prd14.mobinteg.com\/cm-sousel-qa\/wp-content\/uploads\/2022\/03\/44-1024x682.jpg 1024w, https:\/\/prd14.mobinteg.com\/cm-sousel-qa\/wp-content\/uploads\/2022\/03\/44-768x512.jpg 768w, https:\/\/prd14.mobinteg.com\/cm-sousel-qa\/wp-content\/uploads\/2022\/03\/44-1536x1023.jpg 1536w, https:\/\/prd14.mobinteg.com\/cm-sousel-qa\/wp-content\/uploads\/2022\/03\/44-150x100.jpg 150w, https:\/\/prd14.mobinteg.com\/cm-sousel-qa\/wp-content\/uploads\/2022\/03\/44-1320x879.jpg 1320w, https:\/\/prd14.mobinteg.com\/cm-sousel-qa\/wp-content\/uploads\/2022\/03\/44.jpg 1621w\" sizes=\"(max-width: 300px) 100vw, 300px\" \/><\/strong><span id=\"alttext\"><\/span><strong>BIBLIOTECA ESCOLAR DO AGRUPAMENTO DE ESCOLAS DE SOUSEL<\/strong><\/p>\n<p><strong>Contactos:<\/strong><\/p>\n<p><strong>e-mail:\u00a0<\/strong> <a class=\"oajrlxb2 g5ia77u1 qu0x051f esr5mh6w e9989ue4 r7d6kgcz rq0escxv nhd2j8a9 nc684nl6 p7hjln8o kvgmc6g5 cxmmr5t8 oygrvhab hcukyx3x jb3vyjys rz4wbd8a qt6c0cv9 a8nywdso i1ao9s8h esuyzwwr f1sip0of lzcic4wl gpro0wi8 py34i1dx\" target=\"_blank\" rel=\"noopener\">agrupamento.sousel@gmail.com<\/a><\/p>\n<p><strong>telefone:\u00a0<\/strong> 268 550 010<\/p>\n<p><strong>Facebook:<\/strong> @AESOUSEL<\/p>\n<p>&nbsp;<\/p>\n<p><strong><img decoding=\"async\" class=\"alignnone size-medium wp-image-36982 alignleft\" src=\"https:\/\/prd14.mobinteg.com\/cm-sousel-qa\/wp-content\/uploads\/2022\/05\/IMG_4773-1-300x200.jpg\" alt=\"\" width=\"300\" height=\"200\" srcset=\"https:\/\/prd14.mobinteg.com\/cm-sousel-qa\/wp-content\/uploads\/2022\/05\/IMG_4773-1-300x200.jpg 300w, https:\/\/prd14.mobinteg.com\/cm-sousel-qa\/wp-content\/uploads\/2022\/05\/IMG_4773-1-1024x683.jpg 1024w, https:\/\/prd14.mobinteg.com\/cm-sousel-qa\/wp-content\/uploads\/2022\/05\/IMG_4773-1-768x512.jpg 768w, https:\/\/prd14.mobinteg.com\/cm-sousel-qa\/wp-content\/uploads\/2022\/05\/IMG_4773-1-1536x1024.jpg 1536w, https:\/\/prd14.mobinteg.com\/cm-sousel-qa\/wp-content\/uploads\/2022\/05\/IMG_4773-1-150x100.jpg 150w, https:\/\/prd14.mobinteg.com\/cm-sousel-qa\/wp-content\/uploads\/2022\/05\/IMG_4773-1-1320x880.jpg 1320w, https:\/\/prd14.mobinteg.com\/cm-sousel-qa\/wp-content\/uploads\/2022\/05\/IMG_4773-1.jpg 1980w\" sizes=\"(max-width: 300px) 100vw, 300px\" \/><\/strong><\/p>\n<p><strong>BIBLIOTECA AFONSO CRUZ &#8211; Associa\u00e7\u00e3o Era Uma Voz<\/strong><\/p>\n<p><em><strong>Contactos:<\/strong><\/em><\/p>\n<p><strong>e-mail: <\/strong>eraumavoz@eraumavoz.pt<\/p>\n<p><strong>telefone:\u00a0<\/strong> \u00a0268094501<\/p>\n<p><strong>Facebook:<\/strong> @eraumavozcasabranca<\/p>","protected":false},"excerpt":{"rendered":"<div class='heateorSssClear'><\/div><div  class='heateor_sss_sharing_container heateor_sss_horizontal_sharing' data-heateor-sss-href='https:\/\/prd14.mobinteg.com\/cm-sousel-qa\/sou-visitante\/soucultura-e-lazer\/biblioteca-municipal\/rede-de-bibliotecas-de-sousel\/'><div class='heateor_sss_sharing_title' style=\"font-weight:bold\" >Spread the love<\/div><div class=\"heateor_sss_sharing_ul\"><a aria-label=\"Facebook\" class=\"heateor_sss_facebook\" href=\"https:\/\/www.facebook.com\/sharer\/sharer.php?u=https%3A%2F%2Fprd14.mobinteg.com%2Fcm-sousel-qa%2Fsou-visitante%2Fsoucultura-e-lazer%2Fbiblioteca-municipal%2Frede-de-bibliotecas-de-sousel%2F\" title=\"Facebook\" rel=\"nofollow noopener\" target=\"_blank\" style=\"font-size:32px!important;box-shadow:none;display:inline-block;vertical-align:middle\"><span class=\"heateor_sss_svg\" style=\"background-color:#0765FE;width:25px;height:25px;border-radius:999px;display:inline-block;opacity:1;float:left;font-size:32px;box-shadow:none;display:inline-block;font-size:16px;padding:0 4px;vertical-align:middle;background-repeat:repeat;overflow:hidden;padding:0;cursor:pointer;box-sizing:content-box\"><svg style=\"display:block;border-radius:999px;\" focusable=\"false\" aria-hidden=\"true\" xmlns=\"http:\/\/www.w3.org\/2000\/svg\" width=\"100%\" height=\"100%\" viewBox=\"0 0 32 32\"><path fill=\"#0d406a\" d=\"M28 16c0-6.627-5.373-12-12-12S4 9.373 4 16c0 5.628 3.875 10.35 9.101 11.647v-7.98h-2.474V16H13.1v-1.58c0-4.085 1.849-5.978 5.859-5.978.76 0 2.072.15 2.608.298v3.325c-.283-.03-.775-.045-1.386-.045-1.967 0-2.728.745-2.728 2.683V16h3.92l-.673 3.667h-3.247v8.245C23.395 27.195 28 22.135 28 16Z\"><\/path><\/svg><\/span><\/a><a aria-label=\"X\" class=\"heateor_sss_button_x\" href=\"https:\/\/twitter.com\/intent\/tweet?text=%5B%3Apt%5DRede%20de%20Bibliotecas%20de%20Sousel%5B%3A%5D&url=https%3A%2F%2Fprd14.mobinteg.com%2Fcm-sousel-qa%2Fsou-visitante%2Fsoucultura-e-lazer%2Fbiblioteca-municipal%2Frede-de-bibliotecas-de-sousel%2F\" title=\"X\" rel=\"nofollow noopener\" target=\"_blank\" style=\"font-size:32px!important;box-shadow:none;display:inline-block;vertical-align:middle\"><span class=\"heateor_sss_svg heateor_sss_s__default heateor_sss_s_x\" style=\"background-color:#2a2a2a;width:25px;height:25px;border-radius:999px;display:inline-block;opacity:1;float:left;font-size:32px;box-shadow:none;display:inline-block;font-size:16px;padding:0 4px;vertical-align:middle;background-repeat:repeat;overflow:hidden;padding:0;cursor:pointer;box-sizing:content-box\"><svg width=\"100%\" height=\"100%\" style=\"display:block;border-radius:999px;\" focusable=\"false\" aria-hidden=\"true\" xmlns=\"http:\/\/www.w3.org\/2000\/svg\" viewBox=\"0 0 32 32\"><path fill=\"#0d406a\" d=\"M21.751 7h3.067l-6.7 7.658L26 25.078h-6.172l-4.833-6.32-5.531 6.32h-3.07l7.167-8.19L6 7h6.328l4.37 5.777L21.75 7Zm-1.076 16.242h1.7L11.404 8.74H9.58l11.094 14.503Z\"><\/path><\/svg><\/span><\/a><a aria-label=\"Linkedin\" class=\"heateor_sss_button_linkedin\" href=\"https:\/\/www.linkedin.com\/sharing\/share-offsite\/?url=https%3A%2F%2Fprd14.mobinteg.com%2Fcm-sousel-qa%2Fsou-visitante%2Fsoucultura-e-lazer%2Fbiblioteca-municipal%2Frede-de-bibliotecas-de-sousel%2F\" title=\"Linkedin\" rel=\"nofollow noopener\" target=\"_blank\" style=\"font-size:32px!important;box-shadow:none;display:inline-block;vertical-align:middle\"><span class=\"heateor_sss_svg heateor_sss_s__default heateor_sss_s_linkedin\" style=\"background-color:#0077b5;width:25px;height:25px;border-radius:999px;display:inline-block;opacity:1;float:left;font-size:32px;box-shadow:none;display:inline-block;font-size:16px;padding:0 4px;vertical-align:middle;background-repeat:repeat;overflow:hidden;padding:0;cursor:pointer;box-sizing:content-box\"><svg style=\"display:block;border-radius:999px;\" focusable=\"false\" aria-hidden=\"true\" xmlns=\"http:\/\/www.w3.org\/2000\/svg\" width=\"100%\" height=\"100%\" viewBox=\"0 0 32 32\"><path d=\"M6.227 12.61h4.19v13.48h-4.19V12.61zm2.095-6.7a2.43 2.43 0 0 1 0 4.86c-1.344 0-2.428-1.09-2.428-2.43s1.084-2.43 2.428-2.43m4.72 6.7h4.02v1.84h.058c.56-1.058 1.927-2.176 3.965-2.176 4.238 0 5.02 2.792 5.02 6.42v7.395h-4.183v-6.56c0-1.564-.03-3.574-2.178-3.574-2.18 0-2.514 1.7-2.514 3.46v6.668h-4.187V12.61z\" fill=\"#0d406a\"><\/path><\/svg><\/span><\/a><a aria-label=\"Pinterest\" class=\"heateor_sss_button_pinterest\" href=\"https:\/\/prd14.mobinteg.com\/cm-sousel-qa\/sou-visitante\/soucultura-e-lazer\/biblioteca-municipal\/rede-de-bibliotecas-de-sousel\/\" onclick=\"event.preventDefault();javascript:void( (function() {var e=document.createElement('script' );e.setAttribute('type','text\/javascript' );e.setAttribute('charset','UTF-8' );e.setAttribute('src','\/\/assets.pinterest.com\/js\/pinmarklet.js?r='+Math.random()*99999999);document.body.appendChild(e)})());\" title=\"Pinterest\" rel=\"noopener\" style=\"font-size:32px!important;box-shadow:none;display:inline-block;vertical-align:middle\"><span class=\"heateor_sss_svg heateor_sss_s__default heateor_sss_s_pinterest\" style=\"background-color:#cc2329;width:25px;height:25px;border-radius:999px;display:inline-block;opacity:1;float:left;font-size:32px;box-shadow:none;display:inline-block;font-size:16px;padding:0 4px;vertical-align:middle;background-repeat:repeat;overflow:hidden;padding:0;cursor:pointer;box-sizing:content-box\"><svg style=\"display:block;border-radius:999px;\" focusable=\"false\" aria-hidden=\"true\" xmlns=\"http:\/\/www.w3.org\/2000\/svg\" width=\"100%\" height=\"100%\" viewBox=\"-2 -2 35 35\"><path fill=\"#0d406a\" d=\"M16.539 4.5c-6.277 0-9.442 4.5-9.442 8.253 0 2.272.86 4.293 2.705 5.046.303.125.574.005.662-.33.061-.231.205-.816.27-1.06.088-.331.053-.447-.191-.736-.532-.627-.873-1.439-.873-2.591 0-3.338 2.498-6.327 6.505-6.327 3.548 0 5.497 2.168 5.497 5.062 0 3.81-1.686 7.025-4.188 7.025-1.382 0-2.416-1.142-2.085-2.545.397-1.674 1.166-3.48 1.166-4.689 0-1.081-.581-1.983-1.782-1.983-1.413 0-2.548 1.462-2.548 3.419 0 1.247.421 2.091.421 2.091l-1.699 7.199c-.505 2.137-.076 4.755-.039 5.019.021.158.223.196.314.077.13-.17 1.813-2.247 2.384-4.324.162-.587.929-3.631.929-3.631.46.876 1.801 1.646 3.227 1.646 4.247 0 7.128-3.871 7.128-9.053.003-3.918-3.317-7.568-8.361-7.568z\"\/><\/svg><\/span><\/a><a aria-label=\"PrintFriendly\" class=\"heateor_sss_button_printfriendly\" href=\"https:\/\/www.printfriendly.com\/print?url=https%3A%2F%2Fprd14.mobinteg.com%2Fcm-sousel-qa%2Fsou-visitante%2Fsoucultura-e-lazer%2Fbiblioteca-municipal%2Frede-de-bibliotecas-de-sousel%2F&partner=a2a\" title=\"PrintFriendly\" rel=\"nofollow noopener\" target=\"_blank\" style=\"font-size:32px!important;box-shadow:none;display:inline-block;vertical-align:middle\"><span class=\"heateor_sss_svg heateor_sss_s__default heateor_sss_s_printfriendly\" style=\"background-color:#61d1d5;width:25px;height:25px;border-radius:999px;display:inline-block;opacity:1;float:left;font-size:32px;box-shadow:none;display:inline-block;font-size:16px;padding:0 4px;vertical-align:middle;background-repeat:repeat;overflow:hidden;padding:0;cursor:pointer;box-sizing:content-box\"><svg style=\"display:block;border-radius:999px;\" focusable=\"false\" aria-hidden=\"true\" xmlns=\"http:\/\/www.w3.org\/2000\/svg\" width=\"100%\" height=\"100%\" viewBox=\"0 0 32 32\"><g stroke=\"#0d406a\" stroke-width=\"1.5\" stroke-linecap=\"round\" stroke-miterlimit=\"10\"><path fill=\"none\" d=\"M22.562 19.588v4.373H9.438v-4.37h13.124zm-13.124 1.53H6.375c-.483 0-.875-.313-.875-.7v-7.35c0-.387.392-.7.875-.7h19.25c.482 0 .875.313.875.7v7.35c0 .387-.393.7-.876.7h-3.062\"><\/path><path fill=\"#0d406a\" d=\"M22.562 12.32V8.04H9.436v4.28\"><\/path><\/g><\/svg><\/span><\/a><a aria-label=\"Email\" class=\"heateor_sss_email\" href=\"https:\/\/prd14.mobinteg.com\/cm-sousel-qa\/sou-visitante\/soucultura-e-lazer\/biblioteca-municipal\/rede-de-bibliotecas-de-sousel\/\" onclick=\"event.preventDefault();window.open('mailto:?subject=' + decodeURIComponent('%5B%3Apt%5DRede%20de%20Bibliotecas%20de%20Sousel%5B%3A%5D').replace('&', '%26') + '&body=https%3A%2F%2Fprd14.mobinteg.com%2Fcm-sousel-qa%2Fsou-visitante%2Fsoucultura-e-lazer%2Fbiblioteca-municipal%2Frede-de-bibliotecas-de-sousel%2F', '_blank')\" title=\"Email\" rel=\"noopener\" style=\"font-size:32px!important;box-shadow:none;display:inline-block;vertical-align:middle\"><span class=\"heateor_sss_svg\" style=\"background-color:#649a3f;width:25px;height:25px;border-radius:999px;display:inline-block;opacity:1;float:left;font-size:32px;box-shadow:none;display:inline-block;font-size:16px;padding:0 4px;vertical-align:middle;background-repeat:repeat;overflow:hidden;padding:0;cursor:pointer;box-sizing:content-box\"><svg style=\"display:block;border-radius:999px;\" focusable=\"false\" aria-hidden=\"true\" xmlns=\"http:\/\/www.w3.org\/2000\/svg\" width=\"100%\" height=\"100%\" viewBox=\"-.75 -.5 36 36\"><path d=\"M 5.5 11 h 23 v 1 l -11 6 l -11 -6 v -1 m 0 2 l 11 6 l 11 -6 v 11 h -22 v -11\" stroke-width=\"1\" fill=\"#0d406a\"><\/path><\/svg><\/span><\/a><\/div><div class=\"heateorSssClear\"><\/div><\/div><div class='heateorSssClear'><\/div><p>PROJETO DIGITAL DA RBSOUS A influ\u00eancia dos recursos digitais na sociedade atual \u00e9 uma realidade indiscut\u00edvel e a sua utiliza\u00e7\u00e3o \u00e9 incontorn\u00e1vel de forma sistem\u00e1tica e eficaz. O digital torna poss\u00edvel a partilha e conce\u00e7\u00e3o de projetos e a sua melhoria, tais como a curadoria e a disponibiliza\u00e7\u00e3o de recursos, nomeadamente bibliogr\u00e1ficos, atrav\u00e9s de uma [&hellip;]<\/p>\n","protected":false},"author":5,"featured_media":0,"parent":1791,"menu_order":0,"comment_status":"closed","ping_status":"closed","template":"templates-map\/component-text-layout1.php","meta":{"_acf_changed":false,"_searchwp_excluded":"","footnotes":""},"categories":[],"class_list":["post-35638","page","type-page","status-publish","hentry"],"acf":[],"_links":{"self":[{"href":"https:\/\/prd14.mobinteg.com\/cm-sousel-qa\/wp-json\/wp\/v2\/pages\/35638","targetHints":{"allow":["GET"]}}],"collection":[{"href":"https:\/\/prd14.mobinteg.com\/cm-sousel-qa\/wp-json\/wp\/v2\/pages"}],"about":[{"href":"https:\/\/prd14.mobinteg.com\/cm-sousel-qa\/wp-json\/wp\/v2\/types\/page"}],"author":[{"embeddable":true,"href":"https:\/\/prd14.mobinteg.com\/cm-sousel-qa\/wp-json\/wp\/v2\/users\/5"}],"replies":[{"embeddable":true,"href":"https:\/\/prd14.mobinteg.com\/cm-sousel-qa\/wp-json\/wp\/v2\/comments?post=35638"}],"version-history":[{"count":5,"href":"https:\/\/prd14.mobinteg.com\/cm-sousel-qa\/wp-json\/wp\/v2\/pages\/35638\/revisions"}],"predecessor-version":[{"id":69954,"href":"https:\/\/prd14.mobinteg.com\/cm-sousel-qa\/wp-json\/wp\/v2\/pages\/35638\/revisions\/69954"}],"up":[{"embeddable":true,"href":"https:\/\/prd14.mobinteg.com\/cm-sousel-qa\/wp-json\/wp\/v2\/pages\/1791"}],"wp:attachment":[{"href":"https:\/\/prd14.mobinteg.com\/cm-sousel-qa\/wp-json\/wp\/v2\/media?parent=35638"}],"wp:term":[{"taxonomy":"category","embeddable":true,"href":"https:\/\/prd14.mobinteg.com\/cm-sousel-qa\/wp-json\/wp\/v2\/categories?post=35638"}],"curies":[{"name":"wp","href":"https:\/\/api.w.org\/{rel}","templated":true}]}}