{"id":1554,"date":"2021-06-02T15:26:32","date_gmt":"2021-06-02T15:26:32","guid":{"rendered":"https:\/\/cm-sousel.pt\/?page_id=1554"},"modified":"2024-12-17T15:36:07","modified_gmt":"2024-12-17T15:36:07","slug":"escola-de-musica","status":"publish","type":"page","link":"https:\/\/prd14.mobinteg.com\/cm-sousel-qa\/sou-municipe\/educacao\/escola-de-musica\/","title":{"rendered":"Escola de M\u00fasica"},"content":{"rendered":"<p><\/p>\n<p style=\"text-align: justify\">A Sec\u00e7\u00e3o de Sousel da Escola de Artes do Norte Alentejano, com forte apoio da C\u00e2mara Municipal de Sousel, abriu as suas portas em Setembro de 2007 a todos aqueles que pretendem frequentar o Ensino Art\u00edstico Especializado da M\u00fasica.<\/p>\n<p style=\"text-align: justify\">No presente ano letivo (2021\/2022) a Sec\u00e7\u00e3o de Sousel registou 81 matr\u00edculas.<\/p>\n<p style=\"text-align: justify\">Atualmente a funcionar no Centro Escolar, a Escola de M\u00fasica de Sousel constitui-se como mais um polo de forma\u00e7\u00e3o, atrav\u00e9s de um percurso acad\u00e9mico de n\u00edvel secund\u00e1rio, devidamente reconhecido pelo Minist\u00e9rio da Educa\u00e7\u00e3o, em que s\u00e3o ministrados cursos de piano, viola dedilhada, guitarra portuguesa, violino, flauta transversal, acorde\u00e3o, clarinete, saxofone, violoncelo , viola de arco, Obo\u00e9, trompa e trompete.<\/p>\n<p style=\"text-align: justify\"><strong>Regimes dispon\u00edveis:<\/strong><\/p>\n<p style=\"text-align: justify\"><strong>Inicia\u00e7\u00e3o Musical <\/strong>&#8211; destina-se a crian\u00e7as entre os 6 e os 10 anos de idade (1\u00ba. Ciclo do ensino b\u00e1sico) que, mediante o pagamento de uma mensalidade, frequentam tr\u00eas disciplinas:\u00a0Inicia\u00e7\u00e3o Musical, classe de conjunto e inicia\u00e7\u00e3o ao Instrumento.<\/p>\n<p style=\"text-align: justify\"><strong>Regime Articulado\u00a0<\/strong>\u2013 entre os 5\u00ba e 9\u00ba anos (gratuito)<\/p>\n<p style=\"text-align: justify\">Ao matricularem-se no 5.\u00ba ano de escolaridade, os alunos poder\u00e3o ent\u00e3o ingressar no Regime Articulado, de frequ\u00eancia gratuita, \u00e9 constitu\u00eddo por tr\u00eas disciplinas ( Forma\u00e7\u00e3o Musical, Instrumento e Classe de Conjunto) que passam a fazer parte do Plano de Estudos destes alunos. Ao frequentar este Regime, os alunos de 2\u00ba. ciclo ficam dispensados da disciplina de Educa\u00e7\u00e3o Musical \u00a0e Educa\u00e7\u00e3o Musical e Tecnol\u00f3gica nas escolas de ensino regular.\u00a0 No que respeita aos alunos do 3\u00ba. Ciclo, \u00a0e, caso os encarregados de educa\u00e7\u00e3o o solicitem, poder\u00e3o ainda ser dispensados da disciplina de Educa\u00e7\u00e3o Visual.<\/p>\n<p style=\"text-align: justify\"><strong>Regime supletivo<\/strong> &#8211; alunos de outras escolas (mediante pagamento mensalidade)<\/p>\n<p style=\"text-align: justify\"><strong>Curso Livre<\/strong> \u2013 alunos aprendem um instrumento, n\u00e3o tem limite de idades (mediante mensalidade).<\/p>\n<p style=\"text-align: justify\"><strong>Regime Supletivo Complementar<\/strong> &#8211; Designado por curso secund\u00e1rio, destina-se aos alunos que frequentam outras escolas o 10.\u00ba, 11.\u00ba e 12.\u00ba anos de escolaridade. (mediante pagamento mensalidade). As disciplinas s\u00e3o:\u00a0ATC (An\u00e1lises T\u00e9cnicas de Composi\u00e7\u00e3o); Hist\u00f3ria da M\u00fasica; Pr\u00e1tica ao Teclado: esta disciplina destina-se aos alunos cujo instrumento seja de \u201ccordas\u201d ou \u201csopro\u201d ; Coro;<br \/>\nForma\u00e7\u00e3o Musical; Instrumento.<\/p>\n<p><img decoding=\"async\" class=\"alignnone wp-image-34514\" src=\"https:\/\/prd14.mobinteg.com\/cm-sousel-qa\/wp-content\/uploads\/2022\/02\/instrumentos-ministrados-300x154.png\" alt=\"\" width=\"660\" height=\"339\" srcset=\"https:\/\/prd14.mobinteg.com\/cm-sousel-qa\/wp-content\/uploads\/2022\/02\/instrumentos-ministrados-300x154.png 300w, https:\/\/prd14.mobinteg.com\/cm-sousel-qa\/wp-content\/uploads\/2022\/02\/instrumentos-ministrados-500x258.png 500w, https:\/\/prd14.mobinteg.com\/cm-sousel-qa\/wp-content\/uploads\/2022\/02\/instrumentos-ministrados.png 676w\" sizes=\"(max-width: 660px) 100vw, 660px\" \/><\/p>","protected":false},"excerpt":{"rendered":"<div class='heateorSssClear'><\/div><div  class='heateor_sss_sharing_container heateor_sss_horizontal_sharing' data-heateor-sss-href='https:\/\/prd14.mobinteg.com\/cm-sousel-qa\/sou-municipe\/educacao\/escola-de-musica\/'><div class='heateor_sss_sharing_title' style=\"font-weight:bold\" >Spread the love<\/div><div class=\"heateor_sss_sharing_ul\"><a aria-label=\"Facebook\" class=\"heateor_sss_facebook\" href=\"https:\/\/www.facebook.com\/sharer\/sharer.php?u=https%3A%2F%2Fprd14.mobinteg.com%2Fcm-sousel-qa%2Fsou-municipe%2Feducacao%2Fescola-de-musica%2F\" title=\"Facebook\" rel=\"nofollow noopener\" target=\"_blank\" style=\"font-size:32px!important;box-shadow:none;display:inline-block;vertical-align:middle\"><span class=\"heateor_sss_svg\" style=\"background-color:#0765FE;width:25px;height:25px;border-radius:999px;display:inline-block;opacity:1;float:left;font-size:32px;box-shadow:none;display:inline-block;font-size:16px;padding:0 4px;vertical-align:middle;background-repeat:repeat;overflow:hidden;padding:0;cursor:pointer;box-sizing:content-box\"><svg style=\"display:block;border-radius:999px;\" focusable=\"false\" aria-hidden=\"true\" xmlns=\"http:\/\/www.w3.org\/2000\/svg\" width=\"100%\" height=\"100%\" viewBox=\"0 0 32 32\"><path fill=\"#0d406a\" d=\"M28 16c0-6.627-5.373-12-12-12S4 9.373 4 16c0 5.628 3.875 10.35 9.101 11.647v-7.98h-2.474V16H13.1v-1.58c0-4.085 1.849-5.978 5.859-5.978.76 0 2.072.15 2.608.298v3.325c-.283-.03-.775-.045-1.386-.045-1.967 0-2.728.745-2.728 2.683V16h3.92l-.673 3.667h-3.247v8.245C23.395 27.195 28 22.135 28 16Z\"><\/path><\/svg><\/span><\/a><a aria-label=\"X\" class=\"heateor_sss_button_x\" href=\"https:\/\/twitter.com\/intent\/tweet?text=%5B%3Apt%5DEscola%20de%20M%C3%BAsica%5B%3A%5D&url=https%3A%2F%2Fprd14.mobinteg.com%2Fcm-sousel-qa%2Fsou-municipe%2Feducacao%2Fescola-de-musica%2F\" title=\"X\" rel=\"nofollow noopener\" target=\"_blank\" style=\"font-size:32px!important;box-shadow:none;display:inline-block;vertical-align:middle\"><span class=\"heateor_sss_svg heateor_sss_s__default heateor_sss_s_x\" style=\"background-color:#2a2a2a;width:25px;height:25px;border-radius:999px;display:inline-block;opacity:1;float:left;font-size:32px;box-shadow:none;display:inline-block;font-size:16px;padding:0 4px;vertical-align:middle;background-repeat:repeat;overflow:hidden;padding:0;cursor:pointer;box-sizing:content-box\"><svg width=\"100%\" height=\"100%\" style=\"display:block;border-radius:999px;\" focusable=\"false\" aria-hidden=\"true\" xmlns=\"http:\/\/www.w3.org\/2000\/svg\" viewBox=\"0 0 32 32\"><path fill=\"#0d406a\" d=\"M21.751 7h3.067l-6.7 7.658L26 25.078h-6.172l-4.833-6.32-5.531 6.32h-3.07l7.167-8.19L6 7h6.328l4.37 5.777L21.75 7Zm-1.076 16.242h1.7L11.404 8.74H9.58l11.094 14.503Z\"><\/path><\/svg><\/span><\/a><a aria-label=\"Linkedin\" class=\"heateor_sss_button_linkedin\" href=\"https:\/\/www.linkedin.com\/sharing\/share-offsite\/?url=https%3A%2F%2Fprd14.mobinteg.com%2Fcm-sousel-qa%2Fsou-municipe%2Feducacao%2Fescola-de-musica%2F\" title=\"Linkedin\" rel=\"nofollow noopener\" target=\"_blank\" style=\"font-size:32px!important;box-shadow:none;display:inline-block;vertical-align:middle\"><span class=\"heateor_sss_svg heateor_sss_s__default heateor_sss_s_linkedin\" style=\"background-color:#0077b5;width:25px;height:25px;border-radius:999px;display:inline-block;opacity:1;float:left;font-size:32px;box-shadow:none;display:inline-block;font-size:16px;padding:0 4px;vertical-align:middle;background-repeat:repeat;overflow:hidden;padding:0;cursor:pointer;box-sizing:content-box\"><svg style=\"display:block;border-radius:999px;\" focusable=\"false\" aria-hidden=\"true\" xmlns=\"http:\/\/www.w3.org\/2000\/svg\" width=\"100%\" height=\"100%\" viewBox=\"0 0 32 32\"><path d=\"M6.227 12.61h4.19v13.48h-4.19V12.61zm2.095-6.7a2.43 2.43 0 0 1 0 4.86c-1.344 0-2.428-1.09-2.428-2.43s1.084-2.43 2.428-2.43m4.72 6.7h4.02v1.84h.058c.56-1.058 1.927-2.176 3.965-2.176 4.238 0 5.02 2.792 5.02 6.42v7.395h-4.183v-6.56c0-1.564-.03-3.574-2.178-3.574-2.18 0-2.514 1.7-2.514 3.46v6.668h-4.187V12.61z\" fill=\"#0d406a\"><\/path><\/svg><\/span><\/a><a aria-label=\"Pinterest\" class=\"heateor_sss_button_pinterest\" href=\"https:\/\/prd14.mobinteg.com\/cm-sousel-qa\/sou-municipe\/educacao\/escola-de-musica\/\" onclick=\"event.preventDefault();javascript:void( (function() {var e=document.createElement('script' );e.setAttribute('type','text\/javascript' );e.setAttribute('charset','UTF-8' );e.setAttribute('src','\/\/assets.pinterest.com\/js\/pinmarklet.js?r='+Math.random()*99999999);document.body.appendChild(e)})());\" title=\"Pinterest\" rel=\"noopener\" style=\"font-size:32px!important;box-shadow:none;display:inline-block;vertical-align:middle\"><span class=\"heateor_sss_svg heateor_sss_s__default heateor_sss_s_pinterest\" style=\"background-color:#cc2329;width:25px;height:25px;border-radius:999px;display:inline-block;opacity:1;float:left;font-size:32px;box-shadow:none;display:inline-block;font-size:16px;padding:0 4px;vertical-align:middle;background-repeat:repeat;overflow:hidden;padding:0;cursor:pointer;box-sizing:content-box\"><svg style=\"display:block;border-radius:999px;\" focusable=\"false\" aria-hidden=\"true\" xmlns=\"http:\/\/www.w3.org\/2000\/svg\" width=\"100%\" height=\"100%\" viewBox=\"-2 -2 35 35\"><path fill=\"#0d406a\" d=\"M16.539 4.5c-6.277 0-9.442 4.5-9.442 8.253 0 2.272.86 4.293 2.705 5.046.303.125.574.005.662-.33.061-.231.205-.816.27-1.06.088-.331.053-.447-.191-.736-.532-.627-.873-1.439-.873-2.591 0-3.338 2.498-6.327 6.505-6.327 3.548 0 5.497 2.168 5.497 5.062 0 3.81-1.686 7.025-4.188 7.025-1.382 0-2.416-1.142-2.085-2.545.397-1.674 1.166-3.48 1.166-4.689 0-1.081-.581-1.983-1.782-1.983-1.413 0-2.548 1.462-2.548 3.419 0 1.247.421 2.091.421 2.091l-1.699 7.199c-.505 2.137-.076 4.755-.039 5.019.021.158.223.196.314.077.13-.17 1.813-2.247 2.384-4.324.162-.587.929-3.631.929-3.631.46.876 1.801 1.646 3.227 1.646 4.247 0 7.128-3.871 7.128-9.053.003-3.918-3.317-7.568-8.361-7.568z\"\/><\/svg><\/span><\/a><a aria-label=\"PrintFriendly\" class=\"heateor_sss_button_printfriendly\" href=\"https:\/\/www.printfriendly.com\/print?url=https%3A%2F%2Fprd14.mobinteg.com%2Fcm-sousel-qa%2Fsou-municipe%2Feducacao%2Fescola-de-musica%2F&partner=a2a\" title=\"PrintFriendly\" rel=\"nofollow noopener\" target=\"_blank\" style=\"font-size:32px!important;box-shadow:none;display:inline-block;vertical-align:middle\"><span class=\"heateor_sss_svg heateor_sss_s__default heateor_sss_s_printfriendly\" style=\"background-color:#61d1d5;width:25px;height:25px;border-radius:999px;display:inline-block;opacity:1;float:left;font-size:32px;box-shadow:none;display:inline-block;font-size:16px;padding:0 4px;vertical-align:middle;background-repeat:repeat;overflow:hidden;padding:0;cursor:pointer;box-sizing:content-box\"><svg style=\"display:block;border-radius:999px;\" focusable=\"false\" aria-hidden=\"true\" xmlns=\"http:\/\/www.w3.org\/2000\/svg\" width=\"100%\" height=\"100%\" viewBox=\"0 0 32 32\"><g stroke=\"#0d406a\" stroke-width=\"1.5\" stroke-linecap=\"round\" stroke-miterlimit=\"10\"><path fill=\"none\" d=\"M22.562 19.588v4.373H9.438v-4.37h13.124zm-13.124 1.53H6.375c-.483 0-.875-.313-.875-.7v-7.35c0-.387.392-.7.875-.7h19.25c.482 0 .875.313.875.7v7.35c0 .387-.393.7-.876.7h-3.062\"><\/path><path fill=\"#0d406a\" d=\"M22.562 12.32V8.04H9.436v4.28\"><\/path><\/g><\/svg><\/span><\/a><a aria-label=\"Email\" class=\"heateor_sss_email\" href=\"https:\/\/prd14.mobinteg.com\/cm-sousel-qa\/sou-municipe\/educacao\/escola-de-musica\/\" onclick=\"event.preventDefault();window.open('mailto:?subject=' + decodeURIComponent('%5B%3Apt%5DEscola%20de%20M%C3%BAsica%5B%3A%5D').replace('&', '%26') + '&body=https%3A%2F%2Fprd14.mobinteg.com%2Fcm-sousel-qa%2Fsou-municipe%2Feducacao%2Fescola-de-musica%2F', '_blank')\" title=\"Email\" rel=\"noopener\" style=\"font-size:32px!important;box-shadow:none;display:inline-block;vertical-align:middle\"><span class=\"heateor_sss_svg\" style=\"background-color:#649a3f;width:25px;height:25px;border-radius:999px;display:inline-block;opacity:1;float:left;font-size:32px;box-shadow:none;display:inline-block;font-size:16px;padding:0 4px;vertical-align:middle;background-repeat:repeat;overflow:hidden;padding:0;cursor:pointer;box-sizing:content-box\"><svg style=\"display:block;border-radius:999px;\" focusable=\"false\" aria-hidden=\"true\" xmlns=\"http:\/\/www.w3.org\/2000\/svg\" width=\"100%\" height=\"100%\" viewBox=\"-.75 -.5 36 36\"><path d=\"M 5.5 11 h 23 v 1 l -11 6 l -11 -6 v -1 m 0 2 l 11 6 l 11 -6 v 11 h -22 v -11\" stroke-width=\"1\" fill=\"#0d406a\"><\/path><\/svg><\/span><\/a><\/div><div class=\"heateorSssClear\"><\/div><\/div><div class='heateorSssClear'><\/div><p>A Sec\u00e7\u00e3o de Sousel da Escola de Artes do Norte Alentejano, com forte apoio da C\u00e2mara Municipal de Sousel, abriu as suas portas em Setembro de 2007 a todos aqueles que pretendem frequentar o Ensino Art\u00edstico Especializado da M\u00fasica. No presente ano letivo (2021\/2022) a Sec\u00e7\u00e3o de Sousel registou 81 matr\u00edculas. Atualmente a funcionar no [&hellip;]<\/p>\n","protected":false},"author":24,"featured_media":0,"parent":31904,"menu_order":0,"comment_status":"closed","ping_status":"closed","template":"templates-map\/component-text-layout1.php","meta":{"_acf_changed":false,"_searchwp_excluded":"","footnotes":""},"categories":[],"class_list":["post-1554","page","type-page","status-publish","hentry"],"acf":[],"_links":{"self":[{"href":"https:\/\/prd14.mobinteg.com\/cm-sousel-qa\/wp-json\/wp\/v2\/pages\/1554","targetHints":{"allow":["GET"]}}],"collection":[{"href":"https:\/\/prd14.mobinteg.com\/cm-sousel-qa\/wp-json\/wp\/v2\/pages"}],"about":[{"href":"https:\/\/prd14.mobinteg.com\/cm-sousel-qa\/wp-json\/wp\/v2\/types\/page"}],"author":[{"embeddable":true,"href":"https:\/\/prd14.mobinteg.com\/cm-sousel-qa\/wp-json\/wp\/v2\/users\/24"}],"replies":[{"embeddable":true,"href":"https:\/\/prd14.mobinteg.com\/cm-sousel-qa\/wp-json\/wp\/v2\/comments?post=1554"}],"version-history":[{"count":5,"href":"https:\/\/prd14.mobinteg.com\/cm-sousel-qa\/wp-json\/wp\/v2\/pages\/1554\/revisions"}],"predecessor-version":[{"id":46548,"href":"https:\/\/prd14.mobinteg.com\/cm-sousel-qa\/wp-json\/wp\/v2\/pages\/1554\/revisions\/46548"}],"up":[{"embeddable":true,"href":"https:\/\/prd14.mobinteg.com\/cm-sousel-qa\/wp-json\/wp\/v2\/pages\/31904"}],"wp:attachment":[{"href":"https:\/\/prd14.mobinteg.com\/cm-sousel-qa\/wp-json\/wp\/v2\/media?parent=1554"}],"wp:term":[{"taxonomy":"category","embeddable":true,"href":"https:\/\/prd14.mobinteg.com\/cm-sousel-qa\/wp-json\/wp\/v2\/categories?post=1554"}],"curies":[{"name":"wp","href":"https:\/\/api.w.org\/{rel}","templated":true}]}}