{"id":1395,"date":"2021-06-02T14:43:54","date_gmt":"2021-06-02T14:43:54","guid":{"rendered":"https:\/\/cm-sousel.pt\/?page_id=1395"},"modified":"2024-12-17T16:40:39","modified_gmt":"2024-12-17T16:40:39","slug":"historia","status":"publish","type":"page","link":"https:\/\/prd14.mobinteg.com\/cm-sousel-qa\/souautarquia\/juntas-de-freguesias\/casa-branca\/historia\/","title":{"rendered":"Hist\u00f3ria"},"content":{"rendered":"<p><\/p>\n<p style=\"text-align: justify;\">A documenta\u00e7\u00e3o existente \u00e9 pouco clara quanto \u00e0 origem de Casa Branca. Um documento de Manuel Severim de Faria (1582-1655) refere que os terrenos onde assenta hoje a freguesia de Casa Branca pertenciam ao Conde de Sabugal, D. Duarte de Castelo Branco. Este possu\u00eda, entre outras propriedades, uma herdade junto ao Concelho de Avis, ao norte do Lameir\u00e3o.<br \/>\nEm virtude da pobreza desses terrenos, D. Duarte de Castelo Branco auferia poucos rendimentos da herdade, o que resultou na decad\u00eancia da mesma. Por conseguinte, resolveu D. Duarte de Castelo Branco dividir esse vasto morgado em glebas para aforamento a particulares. Os foreiros tinham como obriga\u00e7\u00e3o \u00abo pagamento de um certo foro anual e os quartos\u00bb. Conseguiu, assim, o Conde de Sabugal \u00abuma povoa\u00e7\u00e3o de alguns cem visinhos que lhe rende hoje o d\u00f4bro que a herdade lhe rendia (&#8230;)\u00bb, justificando assim a divis\u00e3o territorial por ele efetuada [M. S. Faria citado por Lavaredas. Brados do Alentejo, 1936]. Ao longo do tempo, foram os descendentes alienando todos os terrenos em volta, onde se constru\u00edram propriedades urbanas.<\/p>\n<p style=\"text-align: justify;\">Em rela\u00e7\u00e3o \u00e0 forma\u00e7\u00e3o e origem do top\u00f3nimo \u00abCasa Branca\u00bb, fala-se que este deriva de uma casa isolada, constru\u00edda para guardar os utens\u00edlios de lavoura de uma quinta a\u00ed existente, designada Quinta do Zagalo: \u00aba primeira [casa] que ainda existia edificada, datava de 1581 constru\u00edda, sem d\u00favida, do calc\u00e1rio muito branco que ali existia e que exposto \u00e0 ac\u00e7\u00e3o da luz, se petrificava e assim facilmente se faziam blocos, quando ainda brando, para ap\u00f3s o seu endurecimento, se constru\u00edrem os muros, ficando os pr\u00e9dios, mesmo sem cal muito brancos e quem sabe, talvez da\u00ed a origem do nome \u00abCasa Branca\u00bb, que se estendeu a todo o aglomerado de casas\u00bb. Por outro lado, a dita casa era uma refer\u00eancia para os caminhantes da \u00e9poca, especialmente para os padres vindos de \u00c9vora que, ao avistarem-na, sabiam estar perto do seu destino: Avis. A freguesia sediava-se primitivamente em S. Br\u00e1s. Ap\u00f3s o grande terramoto de 1755, que tamb\u00e9m sacrificou esta freguesia, foi extinta a sede (S. Br\u00e1s) que tinha na altura \u00abnoventa e seis vinhas dentro da Aldeia e setenta e duas dispersas pelos montes\u00bb (Lavaredas. Brados do Alentejo, 1932). Permaneceu, desses tempos, o nome de uma importante feira, a \u00abFeira de S. Br\u00e1s\u00bb ou \u00abFeira das Cenouras\u00bb, que acontecia todos os anos no in\u00edcio do m\u00eas de Fevereiro e onde se realizavam \u00abimportantes transa\u00e7\u00f5es em porcos gordos, gados de todas as esp\u00e9cies, azeites, etc.\u00bb [Brados do Alentejo, 1934].<\/p>\n<p style=\"text-align: justify;\">Na d\u00e9cada de 30 do s\u00e9culo XX, a vida econ\u00f3mica da freguesia de Casa Branca estava marcada pela grande produ\u00e7\u00e3o de trigo e pela explora\u00e7\u00e3o dos vastos montados de azinho e sobro, como tamb\u00e9m dos olivais.<\/p>\n<p><\/p>","protected":false},"excerpt":{"rendered":"<div class='heateorSssClear'><\/div><div  class='heateor_sss_sharing_container heateor_sss_horizontal_sharing' data-heateor-sss-href='https:\/\/prd14.mobinteg.com\/cm-sousel-qa\/souautarquia\/juntas-de-freguesias\/casa-branca\/historia\/'><div class='heateor_sss_sharing_title' style=\"font-weight:bold\" >Spread the love<\/div><div class=\"heateor_sss_sharing_ul\"><a aria-label=\"Facebook\" class=\"heateor_sss_facebook\" href=\"https:\/\/www.facebook.com\/sharer\/sharer.php?u=https%3A%2F%2Fprd14.mobinteg.com%2Fcm-sousel-qa%2Fsouautarquia%2Fjuntas-de-freguesias%2Fcasa-branca%2Fhistoria%2F\" title=\"Facebook\" rel=\"nofollow noopener\" target=\"_blank\" style=\"font-size:32px!important;box-shadow:none;display:inline-block;vertical-align:middle\"><span class=\"heateor_sss_svg\" style=\"background-color:#0765FE;width:25px;height:25px;border-radius:999px;display:inline-block;opacity:1;float:left;font-size:32px;box-shadow:none;display:inline-block;font-size:16px;padding:0 4px;vertical-align:middle;background-repeat:repeat;overflow:hidden;padding:0;cursor:pointer;box-sizing:content-box\"><svg style=\"display:block;border-radius:999px;\" focusable=\"false\" aria-hidden=\"true\" xmlns=\"http:\/\/www.w3.org\/2000\/svg\" width=\"100%\" height=\"100%\" viewBox=\"0 0 32 32\"><path fill=\"#0d406a\" d=\"M28 16c0-6.627-5.373-12-12-12S4 9.373 4 16c0 5.628 3.875 10.35 9.101 11.647v-7.98h-2.474V16H13.1v-1.58c0-4.085 1.849-5.978 5.859-5.978.76 0 2.072.15 2.608.298v3.325c-.283-.03-.775-.045-1.386-.045-1.967 0-2.728.745-2.728 2.683V16h3.92l-.673 3.667h-3.247v8.245C23.395 27.195 28 22.135 28 16Z\"><\/path><\/svg><\/span><\/a><a aria-label=\"X\" class=\"heateor_sss_button_x\" href=\"https:\/\/twitter.com\/intent\/tweet?text=Hist%C3%B3ria&url=https%3A%2F%2Fprd14.mobinteg.com%2Fcm-sousel-qa%2Fsouautarquia%2Fjuntas-de-freguesias%2Fcasa-branca%2Fhistoria%2F\" title=\"X\" rel=\"nofollow noopener\" target=\"_blank\" style=\"font-size:32px!important;box-shadow:none;display:inline-block;vertical-align:middle\"><span class=\"heateor_sss_svg heateor_sss_s__default heateor_sss_s_x\" style=\"background-color:#2a2a2a;width:25px;height:25px;border-radius:999px;display:inline-block;opacity:1;float:left;font-size:32px;box-shadow:none;display:inline-block;font-size:16px;padding:0 4px;vertical-align:middle;background-repeat:repeat;overflow:hidden;padding:0;cursor:pointer;box-sizing:content-box\"><svg width=\"100%\" height=\"100%\" style=\"display:block;border-radius:999px;\" focusable=\"false\" aria-hidden=\"true\" xmlns=\"http:\/\/www.w3.org\/2000\/svg\" viewBox=\"0 0 32 32\"><path fill=\"#0d406a\" d=\"M21.751 7h3.067l-6.7 7.658L26 25.078h-6.172l-4.833-6.32-5.531 6.32h-3.07l7.167-8.19L6 7h6.328l4.37 5.777L21.75 7Zm-1.076 16.242h1.7L11.404 8.74H9.58l11.094 14.503Z\"><\/path><\/svg><\/span><\/a><a aria-label=\"Linkedin\" class=\"heateor_sss_button_linkedin\" href=\"https:\/\/www.linkedin.com\/sharing\/share-offsite\/?url=https%3A%2F%2Fprd14.mobinteg.com%2Fcm-sousel-qa%2Fsouautarquia%2Fjuntas-de-freguesias%2Fcasa-branca%2Fhistoria%2F\" title=\"Linkedin\" rel=\"nofollow noopener\" target=\"_blank\" style=\"font-size:32px!important;box-shadow:none;display:inline-block;vertical-align:middle\"><span class=\"heateor_sss_svg heateor_sss_s__default heateor_sss_s_linkedin\" style=\"background-color:#0077b5;width:25px;height:25px;border-radius:999px;display:inline-block;opacity:1;float:left;font-size:32px;box-shadow:none;display:inline-block;font-size:16px;padding:0 4px;vertical-align:middle;background-repeat:repeat;overflow:hidden;padding:0;cursor:pointer;box-sizing:content-box\"><svg style=\"display:block;border-radius:999px;\" focusable=\"false\" aria-hidden=\"true\" xmlns=\"http:\/\/www.w3.org\/2000\/svg\" width=\"100%\" height=\"100%\" viewBox=\"0 0 32 32\"><path d=\"M6.227 12.61h4.19v13.48h-4.19V12.61zm2.095-6.7a2.43 2.43 0 0 1 0 4.86c-1.344 0-2.428-1.09-2.428-2.43s1.084-2.43 2.428-2.43m4.72 6.7h4.02v1.84h.058c.56-1.058 1.927-2.176 3.965-2.176 4.238 0 5.02 2.792 5.02 6.42v7.395h-4.183v-6.56c0-1.564-.03-3.574-2.178-3.574-2.18 0-2.514 1.7-2.514 3.46v6.668h-4.187V12.61z\" fill=\"#0d406a\"><\/path><\/svg><\/span><\/a><a aria-label=\"Pinterest\" class=\"heateor_sss_button_pinterest\" href=\"https:\/\/prd14.mobinteg.com\/cm-sousel-qa\/souautarquia\/juntas-de-freguesias\/casa-branca\/historia\/\" onclick=\"event.preventDefault();javascript:void( (function() {var e=document.createElement('script' );e.setAttribute('type','text\/javascript' );e.setAttribute('charset','UTF-8' );e.setAttribute('src','\/\/assets.pinterest.com\/js\/pinmarklet.js?r='+Math.random()*99999999);document.body.appendChild(e)})());\" title=\"Pinterest\" rel=\"noopener\" style=\"font-size:32px!important;box-shadow:none;display:inline-block;vertical-align:middle\"><span class=\"heateor_sss_svg heateor_sss_s__default heateor_sss_s_pinterest\" style=\"background-color:#cc2329;width:25px;height:25px;border-radius:999px;display:inline-block;opacity:1;float:left;font-size:32px;box-shadow:none;display:inline-block;font-size:16px;padding:0 4px;vertical-align:middle;background-repeat:repeat;overflow:hidden;padding:0;cursor:pointer;box-sizing:content-box\"><svg style=\"display:block;border-radius:999px;\" focusable=\"false\" aria-hidden=\"true\" xmlns=\"http:\/\/www.w3.org\/2000\/svg\" width=\"100%\" height=\"100%\" viewBox=\"-2 -2 35 35\"><path fill=\"#0d406a\" d=\"M16.539 4.5c-6.277 0-9.442 4.5-9.442 8.253 0 2.272.86 4.293 2.705 5.046.303.125.574.005.662-.33.061-.231.205-.816.27-1.06.088-.331.053-.447-.191-.736-.532-.627-.873-1.439-.873-2.591 0-3.338 2.498-6.327 6.505-6.327 3.548 0 5.497 2.168 5.497 5.062 0 3.81-1.686 7.025-4.188 7.025-1.382 0-2.416-1.142-2.085-2.545.397-1.674 1.166-3.48 1.166-4.689 0-1.081-.581-1.983-1.782-1.983-1.413 0-2.548 1.462-2.548 3.419 0 1.247.421 2.091.421 2.091l-1.699 7.199c-.505 2.137-.076 4.755-.039 5.019.021.158.223.196.314.077.13-.17 1.813-2.247 2.384-4.324.162-.587.929-3.631.929-3.631.46.876 1.801 1.646 3.227 1.646 4.247 0 7.128-3.871 7.128-9.053.003-3.918-3.317-7.568-8.361-7.568z\"\/><\/svg><\/span><\/a><a aria-label=\"PrintFriendly\" class=\"heateor_sss_button_printfriendly\" href=\"https:\/\/www.printfriendly.com\/print?url=https%3A%2F%2Fprd14.mobinteg.com%2Fcm-sousel-qa%2Fsouautarquia%2Fjuntas-de-freguesias%2Fcasa-branca%2Fhistoria%2F&partner=a2a\" title=\"PrintFriendly\" rel=\"nofollow noopener\" target=\"_blank\" style=\"font-size:32px!important;box-shadow:none;display:inline-block;vertical-align:middle\"><span class=\"heateor_sss_svg heateor_sss_s__default heateor_sss_s_printfriendly\" style=\"background-color:#61d1d5;width:25px;height:25px;border-radius:999px;display:inline-block;opacity:1;float:left;font-size:32px;box-shadow:none;display:inline-block;font-size:16px;padding:0 4px;vertical-align:middle;background-repeat:repeat;overflow:hidden;padding:0;cursor:pointer;box-sizing:content-box\"><svg style=\"display:block;border-radius:999px;\" focusable=\"false\" aria-hidden=\"true\" xmlns=\"http:\/\/www.w3.org\/2000\/svg\" width=\"100%\" height=\"100%\" viewBox=\"0 0 32 32\"><g stroke=\"#0d406a\" stroke-width=\"1.5\" stroke-linecap=\"round\" stroke-miterlimit=\"10\"><path fill=\"none\" d=\"M22.562 19.588v4.373H9.438v-4.37h13.124zm-13.124 1.53H6.375c-.483 0-.875-.313-.875-.7v-7.35c0-.387.392-.7.875-.7h19.25c.482 0 .875.313.875.7v7.35c0 .387-.393.7-.876.7h-3.062\"><\/path><path fill=\"#0d406a\" d=\"M22.562 12.32V8.04H9.436v4.28\"><\/path><\/g><\/svg><\/span><\/a><a aria-label=\"Email\" class=\"heateor_sss_email\" href=\"https:\/\/prd14.mobinteg.com\/cm-sousel-qa\/souautarquia\/juntas-de-freguesias\/casa-branca\/historia\/\" onclick=\"event.preventDefault();window.open('mailto:?subject=' + decodeURIComponent('Hist%C3%B3ria').replace('&', '%26') + '&body=https%3A%2F%2Fprd14.mobinteg.com%2Fcm-sousel-qa%2Fsouautarquia%2Fjuntas-de-freguesias%2Fcasa-branca%2Fhistoria%2F', '_blank')\" title=\"Email\" rel=\"noopener\" style=\"font-size:32px!important;box-shadow:none;display:inline-block;vertical-align:middle\"><span class=\"heateor_sss_svg\" style=\"background-color:#649a3f;width:25px;height:25px;border-radius:999px;display:inline-block;opacity:1;float:left;font-size:32px;box-shadow:none;display:inline-block;font-size:16px;padding:0 4px;vertical-align:middle;background-repeat:repeat;overflow:hidden;padding:0;cursor:pointer;box-sizing:content-box\"><svg style=\"display:block;border-radius:999px;\" focusable=\"false\" aria-hidden=\"true\" xmlns=\"http:\/\/www.w3.org\/2000\/svg\" width=\"100%\" height=\"100%\" viewBox=\"-.75 -.5 36 36\"><path d=\"M 5.5 11 h 23 v 1 l -11 6 l -11 -6 v -1 m 0 2 l 11 6 l 11 -6 v 11 h -22 v -11\" stroke-width=\"1\" fill=\"#0d406a\"><\/path><\/svg><\/span><\/a><\/div><div class=\"heateorSssClear\"><\/div><\/div><div class='heateorSssClear'><\/div><p>A documenta\u00e7\u00e3o existente \u00e9 pouco clara quanto \u00e0 origem de Casa Branca. Um documento de Manuel Severim de Faria (1582-1655) refere que os terrenos onde assenta hoje a freguesia de Casa Branca pertenciam ao Conde de Sabugal, D. Duarte de Castelo Branco. Este possu\u00eda, entre outras propriedades, uma herdade junto ao Concelho de Avis, ao [&hellip;]<\/p>\n","protected":false},"author":24,"featured_media":0,"parent":1391,"menu_order":0,"comment_status":"closed","ping_status":"closed","template":"templates-map\/component-text-layout1.php","meta":{"_acf_changed":false,"_searchwp_excluded":"","footnotes":""},"categories":[],"class_list":["post-1395","page","type-page","status-publish","hentry"],"acf":[],"_links":{"self":[{"href":"https:\/\/prd14.mobinteg.com\/cm-sousel-qa\/wp-json\/wp\/v2\/pages\/1395","targetHints":{"allow":["GET"]}}],"collection":[{"href":"https:\/\/prd14.mobinteg.com\/cm-sousel-qa\/wp-json\/wp\/v2\/pages"}],"about":[{"href":"https:\/\/prd14.mobinteg.com\/cm-sousel-qa\/wp-json\/wp\/v2\/types\/page"}],"author":[{"embeddable":true,"href":"https:\/\/prd14.mobinteg.com\/cm-sousel-qa\/wp-json\/wp\/v2\/users\/24"}],"replies":[{"embeddable":true,"href":"https:\/\/prd14.mobinteg.com\/cm-sousel-qa\/wp-json\/wp\/v2\/comments?post=1395"}],"version-history":[{"count":4,"href":"https:\/\/prd14.mobinteg.com\/cm-sousel-qa\/wp-json\/wp\/v2\/pages\/1395\/revisions"}],"predecessor-version":[{"id":46590,"href":"https:\/\/prd14.mobinteg.com\/cm-sousel-qa\/wp-json\/wp\/v2\/pages\/1395\/revisions\/46590"}],"up":[{"embeddable":true,"href":"https:\/\/prd14.mobinteg.com\/cm-sousel-qa\/wp-json\/wp\/v2\/pages\/1391"}],"wp:attachment":[{"href":"https:\/\/prd14.mobinteg.com\/cm-sousel-qa\/wp-json\/wp\/v2\/media?parent=1395"}],"wp:term":[{"taxonomy":"category","embeddable":true,"href":"https:\/\/prd14.mobinteg.com\/cm-sousel-qa\/wp-json\/wp\/v2\/categories?post=1395"}],"curies":[{"name":"wp","href":"https:\/\/api.w.org\/{rel}","templated":true}]}}