{"id":36274,"date":"2022-04-12T11:24:37","date_gmt":"2022-04-12T10:24:37","guid":{"rendered":"https:\/\/cm-sousel.pt\/?post_type=locais&#038;p=36274"},"modified":"2023-03-07T12:01:53","modified_gmt":"2023-03-07T12:01:53","slug":"patrimonio-cultural-edificado","status":"publish","type":"locais","link":"https:\/\/prd14.mobinteg.com\/cm-sousel-qa\/locais\/patrimonio-cultural-edificado\/","title":{"rendered":"Patrim\u00f3nio Cultural Edificado"},"content":{"rendered":"<p><\/p>\n<p style=\"text-align: justify\">Todos os bens arquitet\u00f3nicos constru\u00eddos que preservem um significado cultural e civilizacional, s\u00e3o considerados patrim\u00f3nio cultural edificado. Visite o Concelho de Sousel e descubra a diversidade do nosso patrim\u00f3nio \u2013 religioso, militar, civil, utilit\u00e1rio e de produ\u00e7\u00e3o \u2013, sem esquecer outros elementos e conjuntos que, apesar do seu car\u00e1cter aut\u00f3nomo, encerram em si mesmos um elevado grau simb\u00f3lico e cultural.<\/p>\n<p><strong>:: ARQUITETURA RELIGIOSA<\/strong><\/p>\n<p><img decoding=\"async\" class=\"alignnone wp-image-2810 size-medium\" src=\"https:\/\/prd14.mobinteg.com\/cm-sousel-qa\/wp-content\/uploads\/2021\/06\/igrejas4-300x225.jpg\" alt=\"\" width=\"300\" height=\"225\" srcset=\"https:\/\/prd14.mobinteg.com\/cm-sousel-qa\/wp-content\/uploads\/2021\/06\/igrejas4-300x225.jpg 300w, https:\/\/prd14.mobinteg.com\/cm-sousel-qa\/wp-content\/uploads\/2021\/06\/igrejas4-768x576.jpg 768w, https:\/\/prd14.mobinteg.com\/cm-sousel-qa\/wp-content\/uploads\/2021\/06\/igrejas4.jpg 921w\" sizes=\"(max-width: 300px) 100vw, 300px\" \/><\/p>\n<p>CANO<\/p>\n<p>Capela de Santa Catarina (s\u00e9c. n\u00e3o identificado)<\/p>\n<p><a href=\"https:\/\/www.google.pt\/maps\/place\/Capela+de+Santo+Ant%C3%B3nio\/@38.9594183,-7.7543273,17.5z\/data=!4m9!1m2!2m1!1scano+capela!3m5!1s0xd177db816a9261f:0x9cffd7adea539da9!8m2!3d38.9582365!4d-7.7535463!15sCgtjYW5vIGNhcGVsYVoNIgtjYW5vIGNhcGVsYZIBBmNoYXBlbJoBJENoZERTVWhOTUc5blMwVkpRMEZuU1VSbmIzTmlXVEJuUlJBQg?hl=pt-PT\">Capela de Santo Ant\u00f3nio<\/a> (s\u00e9c. XVII)<\/p>\n<p><a href=\"https:\/\/www.google.pt\/maps\/@38.9652697,-7.7640294,3a,75y,89h,77.66t\/data=!3m6!1e1!3m4!1s3d9QLJjm7RpBpIC08ksVAw!2e0!7i16384!8i8192?hl=pt-PT\">Capela de S\u00e3o Sebasti\u00e3o<\/a> (s\u00e9c. XVIII)<\/p>\n<p><a href=\"https:\/\/www.google.pt\/maps\/place\/Igreja+de+Nossa+Senhora+da+Gra%C3%A7a\/@38.9646936,-7.7617161,18z\/data=!4m9!1m2!2m1!1sigreja+cano!3m5!1s0xd177dd7290c9611:0x2eb08f075152c645!8m2!3d38.9640653!4d-7.7587998!15sCgtpZ3JlamEgY2Fub5IBD2NhdGhvbGljX2NodXJjaA?hl=pt-PT\">Igreja Matriz de Cano<\/a> (reconst. s\u00e9c.XVIII)<\/p>\n<p><a href=\"https:\/\/www.google.pt\/maps\/place\/Igreja+da+Miseric%C3%B3rdia\/@38.9647933,-7.7641429,17z\/data=!4m9!1m2!2m1!1sigreja+cano!3m5!1s0xd177dc3c4530c1f:0xb37c4a5c7dd4e41!8m2!3d38.9647933!4d-7.7597655!15sCgtpZ3JlamEgY2Fub1oNIgtpZ3JlamEgY2Fub5IBBmNodXJjaJoBJENoZERTVWhOTUc5blMwVkpRMEZuU1VSdmEwbEllRzlCUlJBQg?hl=pt-PT\">Igreja da Miseric\u00f3rdia de Cano<\/a> (s\u00e9c. XVI)<\/p>\n<p><img decoding=\"async\" class=\"alignnone wp-image-34108 size-medium\" src=\"https:\/\/prd14.mobinteg.com\/cm-sousel-qa\/wp-content\/uploads\/2022\/02\/matriz_cb-300x228.jpg\" alt=\"\" width=\"300\" height=\"228\" srcset=\"https:\/\/prd14.mobinteg.com\/cm-sousel-qa\/wp-content\/uploads\/2022\/02\/matriz_cb-300x228.jpg 300w, https:\/\/prd14.mobinteg.com\/cm-sousel-qa\/wp-content\/uploads\/2022\/02\/matriz_cb-1024x778.jpg 1024w, https:\/\/prd14.mobinteg.com\/cm-sousel-qa\/wp-content\/uploads\/2022\/02\/matriz_cb-768x584.jpg 768w, https:\/\/prd14.mobinteg.com\/cm-sousel-qa\/wp-content\/uploads\/2022\/02\/matriz_cb-1536x1167.jpg 1536w, https:\/\/prd14.mobinteg.com\/cm-sousel-qa\/wp-content\/uploads\/2022\/02\/matriz_cb-2048x1556.jpg 2048w, https:\/\/prd14.mobinteg.com\/cm-sousel-qa\/wp-content\/uploads\/2022\/02\/matriz_cb-1320x1003.jpg 1320w\" sizes=\"(max-width: 300px) 100vw, 300px\" \/><\/p>\n<p>CASA BRANCA<\/p>\n<p><a href=\"https:\/\/www.google.pt\/maps\/search\/casa+branca+igreja+matriz\/@38.9472956,-7.8069128,44m\/data=!3m1!1e3?hl=pt-PT\">Igreja Matriz de Casa Branca<\/a> (s\u00e9c. XVIII)<\/p>\n<p><a href=\"https:\/\/www.google.pt\/maps\/@38.9475977,-7.8103549,3a,75y,34.02h,95.66t\/data=!3m6!1e1!3m4!1stuApheubuf_gDMYKTP3tMg!2e0!7i13312!8i6656?hl=pt-PT\">Igreja de S\u00e3o Miguel<\/a> (s\u00e9c. XVII)<\/p>\n<p><img decoding=\"async\" class=\"alignnone wp-image-2812 size-medium\" src=\"https:\/\/prd14.mobinteg.com\/cm-sousel-qa\/wp-content\/uploads\/2021\/06\/igrejas1-300x225.jpg\" alt=\"\" width=\"300\" height=\"225\" srcset=\"https:\/\/prd14.mobinteg.com\/cm-sousel-qa\/wp-content\/uploads\/2021\/06\/igrejas1-300x225.jpg 300w, https:\/\/prd14.mobinteg.com\/cm-sousel-qa\/wp-content\/uploads\/2021\/06\/igrejas1.jpg 716w\" sizes=\"(max-width: 300px) 100vw, 300px\" \/><\/p>\n<p>SANTO AMARO<\/p>\n<p><a href=\"https:\/\/www.google.pt\/maps\/place\/Igreja+Paroquial+de+Santo+Amaro+%2F+Igreja+de+Santo+Amaro\/@38.9683243,-7.5824373,44m\/data=!3m1!1e3!4m9!1m2!2m1!1sIgreja+Paroquial+de+Santo+Amaro+%2F+Igreja+de+Santo+Amaro!3m5!1s0xd1771c97f969b59:0x311c6b29feeca84!8m2!3d38.9682672!4d-7.5821761!15sCjdJZ3JlamEgUGFyb3F1aWFsIGRlIFNhbnRvIEFtYXJvIC8gSWdyZWphIGRlIFNhbnRvIEFtYXJvkgEPY2F0aG9saWNfY2h1cmNo?hl=pt-PT\">Cruzeiro de Santo Amaro e Igreja Paroquial N. S.\u00aa do Ros\u00e1rio<\/a> (s\u00e9c. XV, reconst. s\u00e9c. XX)<\/p>\n<p><img decoding=\"async\" class=\"alignnone wp-image-2813 size-medium\" src=\"https:\/\/prd14.mobinteg.com\/cm-sousel-qa\/wp-content\/uploads\/2021\/06\/igrejas2-300x225.jpg\" alt=\"\" width=\"300\" height=\"225\" srcset=\"https:\/\/prd14.mobinteg.com\/cm-sousel-qa\/wp-content\/uploads\/2021\/06\/igrejas2-300x225.jpg 300w, https:\/\/prd14.mobinteg.com\/cm-sousel-qa\/wp-content\/uploads\/2021\/06\/igrejas2.jpg 730w\" sizes=\"(max-width: 300px) 100vw, 300px\" \/><\/p>\n<p>SOUSEL<\/p>\n<p><a href=\"https:\/\/www.google.pt\/maps\/place\/Capela+do+Esp%C3%ADrito+Santo,+Sousel\/@38.9559085,-7.676696,62m\/data=!3m1!1e3!4m5!3m4!1s0xd177bbd62b9a793:0xd4affb8f9cbf87ad!8m2!3d38.9558477!4d-7.6764521?hl=pt-PT\">Capela do Esp\u00edrito Santo<\/a> (s\u00e9culo XVI)<\/p>\n<p><a href=\"https:\/\/www.google.pt\/maps\/place\/Capela+de+S%C3%A3o+Miguel,+Sousel\/@38.9310264,-7.6864604,74m\/data=!3m1!1e3!4m5!3m4!1s0xd177b6f93ed3137:0xeec89bcaaf54ecac!8m2!3d38.9310497!4d-7.6863953?hl=pt-PT\">Capela de N. S.\u00aa do Carmo<\/a> (s\u00e9culo XVIII)<\/p>\n<p><a href=\"https:\/\/www.google.pt\/maps\/place\/Capela+de+S%C3%A3o+Sebasti%C3%A3o\/@38.9526721,-7.6728605,174m\/data=!3m1!1e3!4m9!1m2!2m1!1sCapela+sebastiao+sousel!3m5!1s0xd177b3bf7092771:0xdb5f22fba1873d2a!8m2!3d38.9526877!4d-7.6716425!15sChdDYXBlbGEgc2ViYXN0aWFvIHNvdXNlbJIBBmNoYXBlbA?hl=pt-PT\">Capela de S\u00e3o Sebasti\u00e3o<\/a> (s\u00e9culo XVIII)<\/p>\n<p><a href=\"https:\/\/www.google.pt\/maps\/place\/Igreja+do+Convento+de+Sousel\/@38.9505731,-7.676029,104m\/data=!3m1!1e3!4m5!3m4!1s0xd177bd921f14655:0xbd330acc73ae62c6!8m2!3d38.950487!4d-7.6760914?hl=pt-PT\">Igreja do Convento de Santo Ant\u00f3nio<\/a> (s\u00e9c. XVII)<\/p>\n<p><a href=\"https:\/\/www.google.pt\/maps\/@38.9523942,-7.6759592,176m\/data=!3m1!1e3?hl=pt-PT\">Igreja Matriz de Sousel<\/a> (s\u00e9c. XVI)<\/p>\n<p><a href=\"https:\/\/www.google.pt\/maps\/place\/Igreja+e+Hospital+da+Santa+Casa+da+Miseric%C3%B3rdia+de+Sousel+%2F+Lar+e+Centro+de+Dia+de+Sousel\/@38.9522767,-7.6757491,44m\/data=!3m1!1e3!4m5!3m4!1s0xd177bb6c893232d:0x78e35b3baa83eda!8m2!3d38.9523169!4d-7.6756754?hl=pt-PT\">Igreja da Miseric\u00f3rdia de Sousel<\/a> (s\u00e9c. XVI)<\/p>\n<p><a href=\"https:\/\/www.google.pt\/maps\/place\/Igreja+de+Nossa+Sra.+da+Orada+ou+Capela+de+Nossa+Sra.+da+Orada,+7470-211+Sousel\/@38.9523485,-7.6785528,148m\/data=!3m1!1e3!4m5!3m4!1s0xd177b9846e901d5:0x1de184dcb90b7ff6!8m2!3d38.9523387!4d-7.678339?hl=pt-PT\">Igreja Nossa Senhora da Orada<\/a> (s\u00e9c. XV-XVIII)<\/p>\n<p>&nbsp;<\/p>\n<p><strong>:: ARQUITETURA MILITAR<\/strong><\/p>\n<p><img decoding=\"async\" class=\"alignnone wp-image-34116 size-medium\" src=\"https:\/\/prd14.mobinteg.com\/cm-sousel-qa\/wp-content\/uploads\/2022\/02\/alamo-300x210.jpg\" alt=\"\" width=\"300\" height=\"210\" srcset=\"https:\/\/prd14.mobinteg.com\/cm-sousel-qa\/wp-content\/uploads\/2022\/02\/alamo-300x210.jpg 300w, https:\/\/prd14.mobinteg.com\/cm-sousel-qa\/wp-content\/uploads\/2022\/02\/alamo-1024x715.jpg 1024w, https:\/\/prd14.mobinteg.com\/cm-sousel-qa\/wp-content\/uploads\/2022\/02\/alamo-768x537.jpg 768w, https:\/\/prd14.mobinteg.com\/cm-sousel-qa\/wp-content\/uploads\/2022\/02\/alamo-1536x1073.jpg 1536w, https:\/\/prd14.mobinteg.com\/cm-sousel-qa\/wp-content\/uploads\/2022\/02\/alamo-2048x1431.jpg 2048w, https:\/\/prd14.mobinteg.com\/cm-sousel-qa\/wp-content\/uploads\/2022\/02\/alamo-804x560.jpg 804w, https:\/\/prd14.mobinteg.com\/cm-sousel-qa\/wp-content\/uploads\/2022\/02\/alamo-1320x922.jpg 1320w\" sizes=\"(max-width: 300px) 100vw, 300px\" \/><\/p>\n<p><a href=\"https:\/\/www.google.pt\/maps\/place\/Torre+do+%C3%81lamo+ou+Torre+de+Cam%C3%B5es\/@38.9285661,-7.7584575,176m\/data=!3m1!1e3!4m9!1m2!2m1!1storre+alamo!3m5!1s0xd177d0e08dcf4f3:0x9e62c3e41c09aa64!8m2!3d38.9286034!4d-7.7576983!15sCgt0b3JyZSBhbGFtb5IBE2hpc3RvcmljYWxfbGFuZG1hcms?hl=pt-PT\">Torre do \u00c1lamo<\/a> (s\u00e9c. XV)<\/p>\n<p>&nbsp;<\/p>\n<p><strong>:: ARQUITETURA CIVIL<\/strong><\/p>\n<p style=\"text-align: justify\">CASA BRANCA<br \/>\n<a href=\"https:\/\/www.google.pt\/maps\/place\/Centro+Social+Adriano+Rovisco+dos+Santos\/@38.9494114,-7.8031719,176m\/data=!3m2!1e3!4b1!4m5!3m4!1s0xd19d6396a63d70f:0xc7d2592999d08a97!8m2!3d38.9494104!4d-7.8026247?hl=pt-PT\">Edif\u00edcio do antigo Lar da 3.\u00aa Idade de Casa Branca \u2013 Adriano Rovisco dos Santos<\/a><\/p>\n<p style=\"text-align: justify\">SOUSEL<br \/>\n<a href=\"https:\/\/www.google.pt\/maps\/place\/Pelourinho+de+Sousel\/@38.9528537,-7.6757127,44m\/data=!3m1!1e3!4m12!1m6!3m5!1s0xd177b06e2704793:0xcdcfc3bfb5de3d28!2sPelourinho+de+Sousel!8m2!3d38.9528387!4d-7.6756161!3m4!1s0xd177b06e2704793:0xcdcfc3bfb5de3d28!8m2!3d38.9528387!4d-7.6756161?hl=pt-PT\">Pelourinho<\/a> (s\u00e9c. XVI [?], reconst. s\u00e9c. XX)<br \/>\n<a href=\"https:\/\/www.google.pt\/maps\/place\/Pra%C3%A7a+de+Touros+de+Sousel+%2F+Pra%C3%A7a+de+Touros+Pedro+Louceiro\/@38.9311878,-7.6879723,295m\/data=!3m1!1e3!4m9!1m2!2m1!1spra%C3%A7a+touros+sousel!3m5!1s0xd177b88d1e7e3a3:0xaf41090beafeb420!8m2!3d38.9316777!4d-7.6868709!15sChRwcmHDp2EgdG91cm9zIHNvdXNlbJIBEWN1bHR1cmFsX2xhbmRtYXJr?hl=pt-PT\">Pra\u00e7a de Touros \u00abPedro Louceiro\u00bb<\/a> (s\u00e9c. XIX [?])<\/p>\n<p style=\"text-align: justify\">Uma <a href=\"https:\/\/www.google.pt\/maps\/@38.9521161,-7.6762393,3a,75y,219.98h,93.11t\/data=!3m6!1e1!3m4!1swjJoMFHnMZ3NWCaR7aSirQ!2e0!7i13312!8i6656?hl=pt-PT\">casa com porta g\u00f3tica<\/a> destaca-se entre as restantes, na Rua Direita. Afirma-se que a cruz pintada no topo da chamin\u00e9 simboliza os bens da alcaidaria e que, por isso, esta casa tenha servido de aposentaria para os alcaides da vila de Sousel.<\/p>\n<p style=\"text-align: justify\">Na Rua S. Sebasti\u00e3o, \u00e9 poss\u00edvel observar um <a href=\"https:\/\/www.google.pt\/maps\/@38.9528939,-7.6735589,3a,75y,189.6h,95.19t\/data=!3m6!1e1!3m4!1sn8xuWosXn76e5RfrhMRllw!2e0!7i13312!8i6656?hl=pt-PT\">imponente Solar<\/a> em estilo joanino. Tem grande valor pelo desenho e trabalho em cantaria, mas tamb\u00e9m pelo restante conjunto de que faz parte e que se estende pela Tapada e pela Quinta. Essas estruturas cont\u00edguas, de cariz essencialmente agr\u00edcola, apresentam tamb\u00e9m excelentes trabalhos em ferro forjado e cantarias.<\/p>\n<p style=\"text-align: justify\">Outra <a href=\"https:\/\/www.google.pt\/maps\/@38.9524427,-7.6759006,3a,75y,212.56h,91.76t\/data=!3m6!1e1!3m4!1s30oCB8ntCiyZ3Rrg063f7w!2e0!7i13312!8i6656?hl=pt-PT\">casa com valor patrimonial<\/a> localiza-se no Largo da Igreja. Apresenta pedra brasonada nas traseiras e cinco janelas que conservam as guardas de ferro forjado do s\u00e9culo XVII.<\/p>\n<p style=\"text-align: justify\">Por fim, \u00e0 entrada da vila de Sousel, junto \u00e0 estrada que vem de Estremoz e onde, em tempos, estava implantado o corpo principal do Convento dos Paulistas, encontra-se mais um <a href=\"https:\/\/www.google.pt\/maps\/@38.9502102,-7.6758457,3a,75y,279.42h,101.12t\/data=!3m6!1e1!3m4!1sLifFjJTo1U02O8cySD_r3Q!2e0!7i16384!8i8192?hl=pt-PT\">interessante edif\u00edcio residencial<\/a>, constru\u00eddo nos anos 20\/30 do s\u00e9culo XX. Tem tra\u00e7ado apala\u00e7ado e revivalista. Constitui, juntamente com os jardins, edif\u00edcios anexos e estruturas industriais (lagares), um importante conjunto de indiscut\u00edvel valor patrimonial.<\/p>\n<p>&nbsp;<\/p>\n<p><strong>:: ARQUITETURA DE PRODU\u00c7\u00c3O<\/strong><\/p>\n<p style=\"text-align: justify\">Azenhas da Violante, do Ferrador e do Zambujeiro<br \/>\n[conjunto de tr\u00eas azenhas interligadas por um sistema de aquedutos]<\/p>\n<p style=\"text-align: justify\">Azenha do Mestre Vasco<\/p>\n<p style=\"text-align: justify\">Azenhas do Falcato e dos Condes<\/p>\n<p style=\"text-align: justify\">Moinho de vento<\/p>\n<p><img decoding=\"async\" class=\"alignnone wp-image-34114 size-medium\" src=\"https:\/\/prd14.mobinteg.com\/cm-sousel-qa\/wp-content\/uploads\/2022\/02\/20211106_102933-300x225.jpg\" alt=\"\" width=\"300\" height=\"225\" srcset=\"https:\/\/prd14.mobinteg.com\/cm-sousel-qa\/wp-content\/uploads\/2022\/02\/20211106_102933-300x225.jpg 300w, https:\/\/prd14.mobinteg.com\/cm-sousel-qa\/wp-content\/uploads\/2022\/02\/20211106_102933-1024x768.jpg 1024w, https:\/\/prd14.mobinteg.com\/cm-sousel-qa\/wp-content\/uploads\/2022\/02\/20211106_102933-768x576.jpg 768w, https:\/\/prd14.mobinteg.com\/cm-sousel-qa\/wp-content\/uploads\/2022\/02\/20211106_102933-1536x1152.jpg 1536w, https:\/\/prd14.mobinteg.com\/cm-sousel-qa\/wp-content\/uploads\/2022\/02\/20211106_102933-2048x1536.jpg 2048w, https:\/\/prd14.mobinteg.com\/cm-sousel-qa\/wp-content\/uploads\/2022\/02\/20211106_102933-1320x990.jpg 1320w\" sizes=\"(max-width: 300px) 100vw, 300px\" \/><\/p>\n<p style=\"text-align: justify\">Fornos de cal &#8211; A ind\u00fastria de fabrico de cal, hoje desaparecida, foi uma das mais importantes actividades econ\u00f3micas praticadas no Concelho de Sousel.<br \/>\nO aparecimento de produtos concorrentes e de custo inferior no mercado ditaram o desaparecimento desta ind\u00fastria. Os fornos de cozer cal encontram-se em n\u00famero indeterminado nas zonas rurais do Concelho, sobretudo nas serras de S\u00e3o Miguel e de S\u00e3o Bartolomeu [em estudo].<\/p>\n<p style=\"text-align: justify\">Fornos de carv\u00e3o vegetal [em estudo]<\/p>\n<p style=\"text-align: justify\"><a href=\"https:\/\/www.google.com\/maps\/place\/Adega+do+Mouch%C3%A3o\/@38.9500745,-7.8132208,14.5z\/data=!4m6!3m5!1s0xd19d7bcdcbe2d89:0xe5005a381d8340af!8m2!3d38.9166669!4d-7.816667!16s%2Fg%2F1tngrkd8\">Adega do Mouch\u00e3o<\/a><\/p>\n<p style=\"text-align: justify\"><a href=\"https:\/\/www.google.com\/maps\/place\/Empresa+Industrial+Bastos+Ribeiro+Lda\/@38.9510661,-7.6787511,17z\/data=!3m1!4b1!4m6!3m5!1s0xd177ba27825d7cb:0x27c110115317ce04!8m2!3d38.9510619!4d-7.6765624!16s%2Fg%2F1td1l7pp\">Lagares Basto Ribeiro<\/a><\/p>\n<p>&nbsp;<\/p>\n<p><strong>:: ARQUITETURA UTILIT\u00c1RIA<\/strong><\/p>\n<p>CANO<br \/>\n<a href=\"https:\/\/www.google.com\/maps\/place\/Fonte+das+Bicas\/@38.9633287,-7.7637818,17z\/data=!3m1!4b1!4m6!3m5!1s0xd177d569a79201f:0x19cd2b6cb36b7b4a!8m2!3d38.9633245!4d-7.7615931!16s%2Fg%2F11nn3qb0zw\">Fonte das Bicas<\/a> (1826)<br \/>\n<a href=\"https:\/\/www.google.com\/maps\/place\/Fonte+do+Largo+Conde+de+Valen%C3%A7as\/@38.965531,-7.7615723,17z\/data=!3m1!4b1!4m6!3m5!1s0xd177da439973273:0xb7672bd36e29c7ef!8m2!3d38.9655268!4d-7.7593836!16s%2Fg%2F11rfrwzw20\">Fonte do Largo Conde de Valen\u00e7as<\/a> (1908)<\/p>\n<p>CASA BRANCA<br \/>\nPo\u00e7o Largo (s\u00e9culo XIX)<br \/>\nPonte da Dourada<\/p>\n<p>SOUSEL<br \/>\n<a href=\"https:\/\/www.google.com\/maps\/place\/R.+da+Fonte+do+Concelho,+Sousel\/@38.957193,-7.6770435,248m\/data=!3m1!1e3!4m6!3m5!1s0xd177bbd7a385995:0x3f96ed0297578528!8m2!3d38.9560311!4d-7.675916!16s%2Fg%2F119wjwksr\">Fonte do Concelho<\/a> (anos 40, s\u00e9c. XX)<br \/>\n<a href=\"https:\/\/www.google.com\/maps\/place\/Largo+do+Curro+do+Touro,+Sousel\/@38.9526534,-7.6772224,52m\/data=!3m1!1e3!4m6!3m5!1s0xd177b98128034f1:0x93077567406761d6!8m2!3d38.9527604!4d-7.6772191!16s%2Fg%2F119tjyz1y\">Fonte do Curro do Touro<\/a> (anos 40, s\u00e9c. XX)<\/p>\n<h6><\/h6>\n<p>&nbsp;<\/p>\n<p>&nbsp;<\/p>\n<p><strong>:: ELEMENTOS E CONJUNTOS<\/strong><\/p>\n<p>CASA BRANCA<br \/>\nMonte de D. Jo\u00e3o<br \/>\nMonte da Seixa<br \/>\nMonte do Aravia<br \/>\nQuinta da Saudade<br \/>\nMonte da Retorta<\/p>\n<p>CANO<br \/>\nMonte da Macarra<br \/>\nMonte da Rouca<br \/>\nMonte de D. Pedro \u2013 o conjunto \u201coper\u00e1rio\u201d e todo o sistema de condu\u00e7\u00e3o de \u00e1gua.<br \/>\nMonte do Lameir\u00e3o<br \/>\nMonte do \u00c1lamo<br \/>\nMonte da Romeira<\/p>\n<p>SOUSEL<br \/>\nMonte da Roxa<br \/>\nMonte do Arrepiado<br \/>\nMonte da Revenduda<br \/>\nMonte da Albardeira<\/p>","protected":false},"excerpt":{"rendered":"<div class='heateorSssClear'><\/div><div  class='heateor_sss_sharing_container heateor_sss_horizontal_sharing' data-heateor-sss-href='https:\/\/prd14.mobinteg.com\/cm-sousel-qa\/locais\/patrimonio-cultural-edificado\/'><div class='heateor_sss_sharing_title' style=\"font-weight:bold\" >Spread the love<\/div><div class=\"heateor_sss_sharing_ul\"><a aria-label=\"Facebook\" class=\"heateor_sss_facebook\" href=\"https:\/\/www.facebook.com\/sharer\/sharer.php?u=https%3A%2F%2Fprd14.mobinteg.com%2Fcm-sousel-qa%2Flocais%2Fpatrimonio-cultural-edificado%2F\" title=\"Facebook\" rel=\"nofollow noopener\" target=\"_blank\" style=\"font-size:32px!important;box-shadow:none;display:inline-block;vertical-align:middle\"><span class=\"heateor_sss_svg\" style=\"background-color:#0765FE;width:25px;height:25px;border-radius:999px;display:inline-block;opacity:1;float:left;font-size:32px;box-shadow:none;display:inline-block;font-size:16px;padding:0 4px;vertical-align:middle;background-repeat:repeat;overflow:hidden;padding:0;cursor:pointer;box-sizing:content-box\"><svg style=\"display:block;border-radius:999px;\" focusable=\"false\" aria-hidden=\"true\" xmlns=\"http:\/\/www.w3.org\/2000\/svg\" width=\"100%\" height=\"100%\" viewBox=\"0 0 32 32\"><path fill=\"#0d406a\" d=\"M28 16c0-6.627-5.373-12-12-12S4 9.373 4 16c0 5.628 3.875 10.35 9.101 11.647v-7.98h-2.474V16H13.1v-1.58c0-4.085 1.849-5.978 5.859-5.978.76 0 2.072.15 2.608.298v3.325c-.283-.03-.775-.045-1.386-.045-1.967 0-2.728.745-2.728 2.683V16h3.92l-.673 3.667h-3.247v8.245C23.395 27.195 28 22.135 28 16Z\"><\/path><\/svg><\/span><\/a><a aria-label=\"X\" class=\"heateor_sss_button_x\" href=\"https:\/\/twitter.com\/intent\/tweet?text=%5B%3Apt%5DPatrim%C3%B3nio%20Cultural%20Edificado%5B%3A%5D&url=https%3A%2F%2Fprd14.mobinteg.com%2Fcm-sousel-qa%2Flocais%2Fpatrimonio-cultural-edificado%2F\" title=\"X\" rel=\"nofollow noopener\" target=\"_blank\" style=\"font-size:32px!important;box-shadow:none;display:inline-block;vertical-align:middle\"><span class=\"heateor_sss_svg heateor_sss_s__default heateor_sss_s_x\" style=\"background-color:#2a2a2a;width:25px;height:25px;border-radius:999px;display:inline-block;opacity:1;float:left;font-size:32px;box-shadow:none;display:inline-block;font-size:16px;padding:0 4px;vertical-align:middle;background-repeat:repeat;overflow:hidden;padding:0;cursor:pointer;box-sizing:content-box\"><svg width=\"100%\" height=\"100%\" style=\"display:block;border-radius:999px;\" focusable=\"false\" aria-hidden=\"true\" xmlns=\"http:\/\/www.w3.org\/2000\/svg\" viewBox=\"0 0 32 32\"><path fill=\"#0d406a\" d=\"M21.751 7h3.067l-6.7 7.658L26 25.078h-6.172l-4.833-6.32-5.531 6.32h-3.07l7.167-8.19L6 7h6.328l4.37 5.777L21.75 7Zm-1.076 16.242h1.7L11.404 8.74H9.58l11.094 14.503Z\"><\/path><\/svg><\/span><\/a><a aria-label=\"Linkedin\" class=\"heateor_sss_button_linkedin\" href=\"https:\/\/www.linkedin.com\/sharing\/share-offsite\/?url=https%3A%2F%2Fprd14.mobinteg.com%2Fcm-sousel-qa%2Flocais%2Fpatrimonio-cultural-edificado%2F\" title=\"Linkedin\" rel=\"nofollow noopener\" target=\"_blank\" style=\"font-size:32px!important;box-shadow:none;display:inline-block;vertical-align:middle\"><span class=\"heateor_sss_svg heateor_sss_s__default heateor_sss_s_linkedin\" style=\"background-color:#0077b5;width:25px;height:25px;border-radius:999px;display:inline-block;opacity:1;float:left;font-size:32px;box-shadow:none;display:inline-block;font-size:16px;padding:0 4px;vertical-align:middle;background-repeat:repeat;overflow:hidden;padding:0;cursor:pointer;box-sizing:content-box\"><svg style=\"display:block;border-radius:999px;\" focusable=\"false\" aria-hidden=\"true\" xmlns=\"http:\/\/www.w3.org\/2000\/svg\" width=\"100%\" height=\"100%\" viewBox=\"0 0 32 32\"><path d=\"M6.227 12.61h4.19v13.48h-4.19V12.61zm2.095-6.7a2.43 2.43 0 0 1 0 4.86c-1.344 0-2.428-1.09-2.428-2.43s1.084-2.43 2.428-2.43m4.72 6.7h4.02v1.84h.058c.56-1.058 1.927-2.176 3.965-2.176 4.238 0 5.02 2.792 5.02 6.42v7.395h-4.183v-6.56c0-1.564-.03-3.574-2.178-3.574-2.18 0-2.514 1.7-2.514 3.46v6.668h-4.187V12.61z\" fill=\"#0d406a\"><\/path><\/svg><\/span><\/a><a aria-label=\"Pinterest\" class=\"heateor_sss_button_pinterest\" href=\"https:\/\/prd14.mobinteg.com\/cm-sousel-qa\/locais\/patrimonio-cultural-edificado\/\" onclick=\"event.preventDefault();javascript:void( (function() {var e=document.createElement('script' );e.setAttribute('type','text\/javascript' );e.setAttribute('charset','UTF-8' );e.setAttribute('src','\/\/assets.pinterest.com\/js\/pinmarklet.js?r='+Math.random()*99999999);document.body.appendChild(e)})());\" title=\"Pinterest\" rel=\"noopener\" style=\"font-size:32px!important;box-shadow:none;display:inline-block;vertical-align:middle\"><span class=\"heateor_sss_svg heateor_sss_s__default heateor_sss_s_pinterest\" style=\"background-color:#cc2329;width:25px;height:25px;border-radius:999px;display:inline-block;opacity:1;float:left;font-size:32px;box-shadow:none;display:inline-block;font-size:16px;padding:0 4px;vertical-align:middle;background-repeat:repeat;overflow:hidden;padding:0;cursor:pointer;box-sizing:content-box\"><svg style=\"display:block;border-radius:999px;\" focusable=\"false\" aria-hidden=\"true\" xmlns=\"http:\/\/www.w3.org\/2000\/svg\" width=\"100%\" height=\"100%\" viewBox=\"-2 -2 35 35\"><path fill=\"#0d406a\" d=\"M16.539 4.5c-6.277 0-9.442 4.5-9.442 8.253 0 2.272.86 4.293 2.705 5.046.303.125.574.005.662-.33.061-.231.205-.816.27-1.06.088-.331.053-.447-.191-.736-.532-.627-.873-1.439-.873-2.591 0-3.338 2.498-6.327 6.505-6.327 3.548 0 5.497 2.168 5.497 5.062 0 3.81-1.686 7.025-4.188 7.025-1.382 0-2.416-1.142-2.085-2.545.397-1.674 1.166-3.48 1.166-4.689 0-1.081-.581-1.983-1.782-1.983-1.413 0-2.548 1.462-2.548 3.419 0 1.247.421 2.091.421 2.091l-1.699 7.199c-.505 2.137-.076 4.755-.039 5.019.021.158.223.196.314.077.13-.17 1.813-2.247 2.384-4.324.162-.587.929-3.631.929-3.631.46.876 1.801 1.646 3.227 1.646 4.247 0 7.128-3.871 7.128-9.053.003-3.918-3.317-7.568-8.361-7.568z\"\/><\/svg><\/span><\/a><a aria-label=\"PrintFriendly\" class=\"heateor_sss_button_printfriendly\" href=\"https:\/\/www.printfriendly.com\/print?url=https%3A%2F%2Fprd14.mobinteg.com%2Fcm-sousel-qa%2Flocais%2Fpatrimonio-cultural-edificado%2F&partner=a2a\" title=\"PrintFriendly\" rel=\"nofollow noopener\" target=\"_blank\" style=\"font-size:32px!important;box-shadow:none;display:inline-block;vertical-align:middle\"><span class=\"heateor_sss_svg heateor_sss_s__default heateor_sss_s_printfriendly\" style=\"background-color:#61d1d5;width:25px;height:25px;border-radius:999px;display:inline-block;opacity:1;float:left;font-size:32px;box-shadow:none;display:inline-block;font-size:16px;padding:0 4px;vertical-align:middle;background-repeat:repeat;overflow:hidden;padding:0;cursor:pointer;box-sizing:content-box\"><svg style=\"display:block;border-radius:999px;\" focusable=\"false\" aria-hidden=\"true\" xmlns=\"http:\/\/www.w3.org\/2000\/svg\" width=\"100%\" height=\"100%\" viewBox=\"0 0 32 32\"><g stroke=\"#0d406a\" stroke-width=\"1.5\" stroke-linecap=\"round\" stroke-miterlimit=\"10\"><path fill=\"none\" d=\"M22.562 19.588v4.373H9.438v-4.37h13.124zm-13.124 1.53H6.375c-.483 0-.875-.313-.875-.7v-7.35c0-.387.392-.7.875-.7h19.25c.482 0 .875.313.875.7v7.35c0 .387-.393.7-.876.7h-3.062\"><\/path><path fill=\"#0d406a\" d=\"M22.562 12.32V8.04H9.436v4.28\"><\/path><\/g><\/svg><\/span><\/a><a aria-label=\"Email\" class=\"heateor_sss_email\" href=\"https:\/\/prd14.mobinteg.com\/cm-sousel-qa\/locais\/patrimonio-cultural-edificado\/\" onclick=\"event.preventDefault();window.open('mailto:?subject=' + decodeURIComponent('%5B%3Apt%5DPatrim%C3%B3nio%20Cultural%20Edificado%5B%3A%5D').replace('&', '%26') + '&body=https%3A%2F%2Fprd14.mobinteg.com%2Fcm-sousel-qa%2Flocais%2Fpatrimonio-cultural-edificado%2F', '_blank')\" title=\"Email\" rel=\"noopener\" style=\"font-size:32px!important;box-shadow:none;display:inline-block;vertical-align:middle\"><span class=\"heateor_sss_svg\" style=\"background-color:#649a3f;width:25px;height:25px;border-radius:999px;display:inline-block;opacity:1;float:left;font-size:32px;box-shadow:none;display:inline-block;font-size:16px;padding:0 4px;vertical-align:middle;background-repeat:repeat;overflow:hidden;padding:0;cursor:pointer;box-sizing:content-box\"><svg style=\"display:block;border-radius:999px;\" focusable=\"false\" aria-hidden=\"true\" xmlns=\"http:\/\/www.w3.org\/2000\/svg\" width=\"100%\" height=\"100%\" viewBox=\"-.75 -.5 36 36\"><path d=\"M 5.5 11 h 23 v 1 l -11 6 l -11 -6 v -1 m 0 2 l 11 6 l 11 -6 v 11 h -22 v -11\" stroke-width=\"1\" fill=\"#0d406a\"><\/path><\/svg><\/span><\/a><\/div><div class=\"heateorSssClear\"><\/div><\/div><div class='heateorSssClear'><\/div><p>Todos os bens arquitet\u00f3nicos constru\u00eddos que preservem um significado cultural e civilizacional, s\u00e3o considerados patrim\u00f3nio cultural edificado. Visite o Concelho de Sousel e descubra a diversidade do nosso patrim\u00f3nio \u2013 religioso, militar, civil, utilit\u00e1rio e de produ\u00e7\u00e3o \u2013, sem esquecer outros elementos e conjuntos que, apesar do seu car\u00e1cter aut\u00f3nomo, encerram em si mesmos um [&hellip;]<\/p>\n","protected":false},"featured_media":34116,"parent":0,"template":"","meta":{"_acf_changed":false,"_searchwp_excluded":""},"categories":[],"class_list":["post-36274","locais","type-locais","status-publish","has-post-thumbnail","hentry"],"acf":[],"_links":{"self":[{"href":"https:\/\/prd14.mobinteg.com\/cm-sousel-qa\/wp-json\/wp\/v2\/locais\/36274","targetHints":{"allow":["GET"]}}],"collection":[{"href":"https:\/\/prd14.mobinteg.com\/cm-sousel-qa\/wp-json\/wp\/v2\/locais"}],"about":[{"href":"https:\/\/prd14.mobinteg.com\/cm-sousel-qa\/wp-json\/wp\/v2\/types\/locais"}],"wp:featuredmedia":[{"embeddable":true,"href":"https:\/\/prd14.mobinteg.com\/cm-sousel-qa\/wp-json\/wp\/v2\/media\/34116"}],"wp:attachment":[{"href":"https:\/\/prd14.mobinteg.com\/cm-sousel-qa\/wp-json\/wp\/v2\/media?parent=36274"}],"wp:term":[{"taxonomy":"category","embeddable":true,"href":"https:\/\/prd14.mobinteg.com\/cm-sousel-qa\/wp-json\/wp\/v2\/categories?post=36274"}],"curies":[{"name":"wp","href":"https:\/\/api.w.org\/{rel}","templated":true}]}}